{"id":5772,"date":"2022-08-22T22:43:58","date_gmt":"2022-08-22T22:43:58","guid":{"rendered":"https:\/\/turismoelpedroso.com\/feria-de-muestras\/"},"modified":"2022-11-03T21:08:27","modified_gmt":"2022-11-03T21:08:27","slug":"commerce-equitable","status":"publish","type":"page","link":"https:\/\/turismoelpedroso.com\/fr\/commerce-equitable\/","title":{"rendered":"Commerce \u00e9quitable"},"content":{"rendered":"<style>\/*! elementor - v3.5.6 - 28-02-2022 *\/\n.elementor-heading-title{padding:0;margin:0;line-height:1}.elementor-widget-heading .elementor-heading-title[class*=elementor-size-]>a{color:inherit;font-size:inherit;line-height:inherit}.elementor-widget-heading .elementor-heading-title.elementor-size-small{font-size:15px}.elementor-widget-heading .elementor-heading-title.elementor-size-medium{font-size:19px}.elementor-widget-heading .elementor-heading-title.elementor-size-large{font-size:29px}.elementor-widget-heading .elementor-heading-title.elementor-size-xl{font-size:39px}.elementor-widget-heading .elementor-heading-title.elementor-size-xxl{font-size:59px}<\/style>\n<h1>Foire des produits de la Sierra Norte<\/h1>\n<h2>QUE PROPOSE EL PEDROSO ?<\/h2>\n<p>Nous sommes une commune rurale de 2 100 habitants, situ\u00e9e dans la Sierra Norte de Sevilla. Notre \u00e9conomie est centr\u00e9e sur l&#039;exploitation de nos ressources naturelles.<\/p>\n<style>\/*! elementor - v3.5.6 - 28-02-2022 *\/\n.elementor-widget-image{text-align:center}.elementor-widget-image a{display:inline-block}.elementor-widget-image a img[src$=\".svg\"]{width:48px}.elementor-widget-image img{vertical-align:middle;display:inline-block}<\/style>\n<p>\t\t\t\t\t\t\t\t\t\t\t\t<img loading=\"lazy\" decoding=\"async\" width=\"667\" height=\"375\" src=\"https:\/\/turismoelpedroso.com\/wp-content\/uploads\/2022\/08\/fotos-ruta-Arroyo-Canas_1420367992_114175729_667x375.jpg\" alt=\"\" srcset=\"https:\/\/turismoelpedroso.com\/wp-content\/uploads\/2022\/08\/fotos-ruta-Arroyo-Canas_1420367992_114175729_667x375.jpg 667w, https:\/\/turismoelpedroso.com\/wp-content\/uploads\/2022\/08\/fotos-ruta-Arroyo-Canas_1420367992_114175729_667x375-300x169.jpg 300w\" sizes=\"auto, (max-width: 667px) 100vw, 667px\" \/>\t\t\t\t\t\t\t\t\t\t\t\t\t\t\t<\/p>\n<h3>Parc naturel de la Sierra Norte<\/h3>\n<p>Nous sommes membres de la Charte europ\u00e9enne du tourisme durable dans les espaces prot\u00e9g\u00e9s. Nous sommes membres du R\u00e9seau mondial des r\u00e9serves de biosph\u00e8re.<\/p>\n<h3>Patrimoine artistique<\/h3>\n<p>Notre patrimoine artistique rec\u00e8le une richesse extraordinaire : Martinez Monta\u00f1ez, Pedro Mill\u00e1n, Sturmio, Jer\u00f3nimo Hern\u00e1ndez, Francisco Pacheco, Anibal Gonz\u00e1lez ou Villegas Marmolejo font partie des artistes du mus\u00e9e vivant qu&#039;est notre \u00e9glise paroissiale, nos ermitages et notre mus\u00e9e.<\/p>\n<p>\t\t\t\t\t\t\t\t\t\t\t\t\t\t\t<img loading=\"lazy\" decoding=\"async\" width=\"2048\" height=\"1063\" src=\"https:\/\/turismoelpedroso.com\/wp-content\/uploads\/2022\/08\/home.jpg\" alt=\"\" srcset=\"https:\/\/turismoelpedroso.com\/wp-content\/uploads\/2022\/08\/home.jpg 2048w, https:\/\/turismoelpedroso.com\/wp-content\/uploads\/2022\/08\/home-300x156.jpg 300w, https:\/\/turismoelpedroso.com\/wp-content\/uploads\/2022\/08\/home-1024x532.jpg 1024w, https:\/\/turismoelpedroso.com\/wp-content\/uploads\/2022\/08\/home-768x399.jpg 768w, https:\/\/turismoelpedroso.com\/wp-content\/uploads\/2022\/08\/home-1536x797.jpg 1536w\" sizes=\"auto, (max-width: 2048px) 100vw, 2048px\" \/><br \/>\n\t\t\t\t\t\t\t\t\t\t\t\t\t\t\t<img loading=\"lazy\" decoding=\"async\" width=\"599\" height=\"244\" src=\"https:\/\/turismoelpedroso.com\/wp-content\/uploads\/2022\/08\/Cartel_feria_2019.jpg_674589346.jpg\" alt=\"\" srcset=\"https:\/\/turismoelpedroso.com\/wp-content\/uploads\/2022\/08\/Cartel_feria_2019.jpg_674589346.jpg 599w, https:\/\/turismoelpedroso.com\/wp-content\/uploads\/2022\/08\/Cartel_feria_2019.jpg_674589346-300x122.jpg 300w\" sizes=\"auto, (max-width: 599px) 100vw, 599px\" \/>\t\t\t\t\t\t\t\t\t\t\t\t\t\t\t<\/p>\n<h3>Centre de Culture Nouvelles \u00c9coles<\/h3>\n<p>Un b\u00e2timent d&#039;Anibal Gonz\u00e1lez restaur\u00e9 par la Mairie et l&#039;Association La Fundimiento, o\u00f9 vous vous plongerez dans l&#039;histoire de la mine et de l&#039;\u00e9criture.<\/p>\n<h3>La gastronomie<\/h3>\n<p>Today, visitors can find these delicious dishes in our bars and restaurants. Local and seasonal products such as pheasant, small and big game, the exquisite meats of our &#8220;retinto&#8221; cattle that graze on the communal estate of La Jarosa, the Iberian pig that grazes among these holm oak woods, the highly appreciated olive oil from El Pedroso, produced by the local cooperative, the cheese, also made here with milk from goats and sheep that graze among the cliffs and valleys&#8230; all of this will be the spectacular foretaste of some delicious and exquisite sweets and bread from our bakeries.<\/p>\n<p>\t\t\t\t\t\t\t\t\t\t\t\t\t\t\t<img loading=\"lazy\" decoding=\"async\" width=\"1156\" height=\"867\" src=\"https:\/\/turismoelpedroso.com\/wp-content\/uploads\/2022\/08\/274351634_362909569168985_847207949758129256_n.jpg\" alt=\"\" srcset=\"https:\/\/turismoelpedroso.com\/wp-content\/uploads\/2022\/08\/274351634_362909569168985_847207949758129256_n.jpg 1156w, https:\/\/turismoelpedroso.com\/wp-content\/uploads\/2022\/08\/274351634_362909569168985_847207949758129256_n-300x225.jpg 300w, https:\/\/turismoelpedroso.com\/wp-content\/uploads\/2022\/08\/274351634_362909569168985_847207949758129256_n-1024x768.jpg 1024w, https:\/\/turismoelpedroso.com\/wp-content\/uploads\/2022\/08\/274351634_362909569168985_847207949758129256_n-768x576.jpg 768w\" sizes=\"auto, (max-width: 1156px) 100vw, 1156px\" \/><br \/>\n\t\t\t\t\t\t\t\t\t\t\t\t\t\t\t<img loading=\"lazy\" decoding=\"async\" width=\"1200\" height=\"775\" src=\"https:\/\/turismoelpedroso.com\/wp-content\/uploads\/2022\/08\/atardecer_mirador_capitana-2.jpg\" alt=\"\" srcset=\"https:\/\/turismoelpedroso.com\/wp-content\/uploads\/2022\/08\/atardecer_mirador_capitana-2.jpg 1200w, https:\/\/turismoelpedroso.com\/wp-content\/uploads\/2022\/08\/atardecer_mirador_capitana-2-300x194.jpg 300w, https:\/\/turismoelpedroso.com\/wp-content\/uploads\/2022\/08\/atardecer_mirador_capitana-2-1024x661.jpg 1024w, https:\/\/turismoelpedroso.com\/wp-content\/uploads\/2022\/08\/atardecer_mirador_capitana-2-768x496.jpg 768w\" sizes=\"auto, (max-width: 1200px) 100vw, 1200px\" \/>\t\t\t\t\t\t\t\t\t\t\t\t\t\t\t<\/p>\n<h3>Sports et plein air<\/h3>\n<p>Profitez de nos itin\u00e9raires et espaces naturels dans un paysage dominant compos\u00e9 de vastes for\u00eats de ch\u00eanes verts et d&#039;alcomoques. Si vous souhaitez en savoir plus sur nos sentiers, veuillez contacter l&#039;Office de Tourisme d&#039;El Pedroso.<\/p>\n<h3>H\u00e9bergement<\/h3>\n<p>S\u00e9journez \u00e0 El Pedroso, vous reviendrez\u2026 parce que vous avez d\u00e9j\u00e0 vu qu&#039;il y a tant de choses \u00e0 faire, pour se d\u00e9tendre, se promener, profiter de l&#039;art et de la culture, faire des excursions, et aussi parce que nous aimons accueillir ceux qui visitent. nous comme ils le m\u00e9ritent. Vous trouverez des h\u00e9bergements de toutes sortes, de la maison de village, de la chambre familiale, du g\u00eete \u00e0 la campagne ou du mas pour organiser un grand \u00e9v\u00e9nement\u2026<\/p>\n<p>\t\t\t\t\t\t\t\t\t\t\t\t\t\t\t<img loading=\"lazy\" decoding=\"async\" width=\"800\" height=\"533\" src=\"https:\/\/turismoelpedroso.com\/wp-content\/uploads\/2022\/08\/el_pedroso_hotelesconencanto_039.jpg\" alt=\"\" srcset=\"https:\/\/turismoelpedroso.com\/wp-content\/uploads\/2022\/08\/el_pedroso_hotelesconencanto_039.jpg 800w, https:\/\/turismoelpedroso.com\/wp-content\/uploads\/2022\/08\/el_pedroso_hotelesconencanto_039-300x200.jpg 300w, https:\/\/turismoelpedroso.com\/wp-content\/uploads\/2022\/08\/el_pedroso_hotelesconencanto_039-768x512.jpg 768w\" sizes=\"auto, (max-width: 800px) 100vw, 800px\" \/>\t\t\t\t\t\t\t\t\t\t\t\t\t\t\t<\/p>\n<h3>Plan du XXIe Salon<\/h3>\n<p>\t\t\t\t\t\t\t\t\t\t\t\t\t\t\t<img loading=\"lazy\" decoding=\"async\" width=\"796\" height=\"558\" src=\"https:\/\/turismoelpedroso.com\/wp-content\/uploads\/2022\/08\/Plano_XXI_Feria_Muestras.png\" alt=\"\" srcset=\"https:\/\/turismoelpedroso.com\/wp-content\/uploads\/2022\/08\/Plano_XXI_Feria_Muestras.png 796w, https:\/\/turismoelpedroso.com\/wp-content\/uploads\/2022\/08\/Plano_XXI_Feria_Muestras-300x210.png 300w, https:\/\/turismoelpedroso.com\/wp-content\/uploads\/2022\/08\/Plano_XXI_Feria_Muestras-768x538.png 768w\" sizes=\"auto, (max-width: 796px) 100vw, 796px\" \/><\/p>","protected":false},"excerpt":{"rendered":"<p>Foire des produits de la Sierra Norte QUE PROPOSE EL PEDROSO ? Nous sommes une commune rurale de 2 100 habitants, situ\u00e9e dans la Sierra Norte de Sevilla. Notre \u00e9conomie est centr\u00e9e sur l&#039;exploitation de nos ressources naturelles. Parc Naturel de la Sierra Norte Nous sommes membres de la Charte europ\u00e9enne du tourisme durable dans les espaces prot\u00e9g\u00e9s. [\u2026]<\/p>","protected":false},"author":1,"featured_media":0,"parent":0,"menu_order":0,"comment_status":"closed","ping_status":"closed","template":"","meta":{"footnotes":""},"class_list":["post-5772","page","type-page","status-publish","hentry"],"_links":{"self":[{"href":"https:\/\/turismoelpedroso.com\/fr\/wp-json\/wp\/v2\/pages\/5772","targetHints":{"allow":["GET"]}}],"collection":[{"href":"https:\/\/turismoelpedroso.com\/fr\/wp-json\/wp\/v2\/pages"}],"about":[{"href":"https:\/\/turismoelpedroso.com\/fr\/wp-json\/wp\/v2\/types\/page"}],"author":[{"embeddable":true,"href":"https:\/\/turismoelpedroso.com\/fr\/wp-json\/wp\/v2\/users\/1"}],"replies":[{"embeddable":true,"href":"https:\/\/turismoelpedroso.com\/fr\/wp-json\/wp\/v2\/comments?post=5772"}],"version-history":[{"count":7,"href":"https:\/\/turismoelpedroso.com\/fr\/wp-json\/wp\/v2\/pages\/5772\/revisions"}],"predecessor-version":[{"id":5781,"href":"https:\/\/turismoelpedroso.com\/fr\/wp-json\/wp\/v2\/pages\/5772\/revisions\/5781"}],"wp:attachment":[{"href":"https:\/\/turismoelpedroso.com\/fr\/wp-json\/wp\/v2\/media?parent=5772"}],"curies":[{"name":"wp","href":"https:\/\/api.w.org\/{rel}","templated":true}]}}