{"id":6256,"date":"2022-11-02T16:25:59","date_gmt":"2022-11-02T16:25:59","guid":{"rendered":"https:\/\/turismoelpedroso.com\/conoce-el-pedroso\/"},"modified":"2023-06-22T15:48:52","modified_gmt":"2023-06-22T15:48:52","slug":"connaitre-la-pierre","status":"publish","type":"page","link":"https:\/\/turismoelpedroso.com\/fr\/connaitre-la-pierre\/","title":{"rendered":"Lernt El Pedroso kennen"},"content":{"rendered":"<div data-elementor-type=\"wp-page\" data-elementor-id=\"6256\" class=\"elementor elementor-6256\" data-elementor-post-type=\"page\">\n\t\t\t\t\t\t<section class=\"elementor-section elementor-top-section elementor-element elementor-element-b2656d0 elementor-section-full_width elementor-section-height-min-height elementor-section-stretched elementor-section-height-default elementor-section-items-middle\" data-id=\"b2656d0\" data-element_type=\"section\" data-settings=\"{&quot;stretch_section&quot;:&quot;section-stretched&quot;,&quot;background_background&quot;:&quot;classic&quot;}\">\n\t\t\t\t\t\t\t<div class=\"elementor-background-overlay\"><\/div>\n\t\t\t\t\t\t\t<div class=\"elementor-container elementor-column-gap-default\">\n\t\t\t\t\t<div class=\"elementor-column elementor-col-100 elementor-top-column elementor-element elementor-element-593ecb6\" data-id=\"593ecb6\" data-element_type=\"column\">\n\t\t\t<div class=\"elementor-widget-wrap elementor-element-populated\">\n\t\t\t\t\t\t<div class=\"elementor-element elementor-element-91399a3 elementor-widget elementor-widget-heading\" data-id=\"91399a3\" data-element_type=\"widget\" data-widget_type=\"heading.default\">\n\t\t\t\t<div class=\"elementor-widget-container\">\n\t\t\t\t\t<h1 class=\"elementor-heading-title elementor-size-default\">Faites connaissance avec El Pedroso<\/h1>\t\t\t\t<\/div>\n\t\t\t\t<\/div>\n\t\t\t\t\t<\/div>\n\t\t<\/div>\n\t\t\t\t\t<\/div>\n\t\t<\/section>\n\t\t\t\t<section class=\"elementor-section elementor-top-section elementor-element elementor-element-e717570 elementor-section-height-min-height elementor-section-boxed elementor-section-height-default elementor-section-items-middle\" data-id=\"e717570\" data-element_type=\"section\">\n\t\t\t\t\t\t<div class=\"elementor-container elementor-column-gap-default\">\n\t\t\t\t\t<div class=\"elementor-column elementor-col-50 elementor-top-column elementor-element elementor-element-d2bcbde\" data-id=\"d2bcbde\" data-element_type=\"column\">\n\t\t\t<div class=\"elementor-widget-wrap elementor-element-populated\">\n\t\t\t\t\t\t<div class=\"elementor-element elementor-element-86427d6 elementor-widget elementor-widget-spacer\" data-id=\"86427d6\" data-element_type=\"widget\" data-widget_type=\"spacer.default\">\n\t\t\t\t<div class=\"elementor-widget-container\">\n\t\t\t\t\t\t\t<div class=\"elementor-spacer\">\n\t\t\t<div class=\"elementor-spacer-inner\"><\/div>\n\t\t<\/div>\n\t\t\t\t\t\t<\/div>\n\t\t\t\t<\/div>\n\t\t\t\t<div class=\"elementor-element elementor-element-d707cd0 elementor-widget elementor-widget-heading\" data-id=\"d707cd0\" data-element_type=\"widget\" data-widget_type=\"heading.default\">\n\t\t\t\t<div class=\"elementor-widget-container\">\n\t\t\t\t\t<h2 class=\"elementor-heading-title elementor-size-default\">El Pedroso est un endroit fantastique pour se connecter avec votre meilleure version. D\u00e9couvrez une ville pleine d&#039;histoire, de culture, de nature et beaucoup de chaleur pour vivre un voyage unique dans le parc naturel de la Sierra Norte.<\/h2>\t\t\t\t<\/div>\n\t\t\t\t<\/div>\n\t\t\t\t<div class=\"elementor-element elementor-element-c58f131 elementor-widget-divider--view-line elementor-widget elementor-widget-divider\" data-id=\"c58f131\" data-element_type=\"widget\" data-widget_type=\"divider.default\">\n\t\t\t\t<div class=\"elementor-widget-container\">\n\t\t\t\t\t\t\t<div class=\"elementor-divider\">\n\t\t\t<span class=\"elementor-divider-separator\">\n\t\t\t\t\t\t<\/span>\n\t\t<\/div>\n\t\t\t\t\t\t<\/div>\n\t\t\t\t<\/div>\n\t\t\t\t<div class=\"elementor-element elementor-element-4234b62 elementor-widget elementor-widget-text-editor\" data-id=\"4234b62\" data-element_type=\"widget\" data-widget_type=\"text-editor.default\">\n\t\t\t\t<div class=\"elementor-widget-container\">\n\t\t\t\t\t\t\t\t\t<div>\n<div>Nous vous ouvrons ses portes pour que vous puissiez passer un moment de restauration dans sa Sierra, profiter d&#039;un tourisme nature exceptionnel. Visitez ses monuments historiques, d\u00e9couvrez la culture et l&#039;histoire de l&#039;int\u00e9rieur de S\u00e9ville d&#039;un nouveau point de vue avec tout ce qu&#039;El Pedroso garde dans son tourisme rural.<\/div>\n<p><\/p>\n<div>De plus, nous sommes int\u00e9gr\u00e9s \u00e0 la Charte europ\u00e9enne du tourisme durable dans les espaces prot\u00e9g\u00e9s d&#039;Andalousie. Et nous participons au R\u00e9seau mondial des r\u00e9serves de biosph\u00e8re. Ce n&#039;est rien!<\/div>\n<\/div>\n\t\t\t\t\t\t\t\t<\/div>\n\t\t\t\t<\/div>\n\t\t\t\t\t<\/div>\n\t\t<\/div>\n\t\t\t\t<div class=\"elementor-column elementor-col-50 elementor-top-column elementor-element elementor-element-9256f8b\" data-id=\"9256f8b\" data-element_type=\"column\">\n\t\t\t<div class=\"elementor-widget-wrap elementor-element-populated\">\n\t\t\t\t\t\t<div class=\"elementor-element elementor-element-dd96ed8 elementor-widget elementor-widget-image\" data-id=\"dd96ed8\" data-element_type=\"widget\" data-settings=\"{&quot;motion_fx_motion_fx_scrolling&quot;:&quot;yes&quot;,&quot;motion_fx_translateX_effect&quot;:&quot;yes&quot;,&quot;motion_fx_translateX_direction&quot;:&quot;negative&quot;,&quot;motion_fx_translateX_speed&quot;:{&quot;unit&quot;:&quot;px&quot;,&quot;size&quot;:8,&quot;sizes&quot;:[]},&quot;motion_fx_translateX_affectedRange&quot;:{&quot;unit&quot;:&quot;%&quot;,&quot;size&quot;:&quot;&quot;,&quot;sizes&quot;:{&quot;start&quot;:0,&quot;end&quot;:50}},&quot;motion_fx_scale_effect&quot;:&quot;yes&quot;,&quot;motion_fx_scale_direction&quot;:&quot;in-out&quot;,&quot;motion_fx_scale_speed&quot;:{&quot;unit&quot;:&quot;px&quot;,&quot;size&quot;:-10,&quot;sizes&quot;:[]},&quot;motion_fx_scale_range&quot;:{&quot;unit&quot;:&quot;%&quot;,&quot;size&quot;:&quot;&quot;,&quot;sizes&quot;:{&quot;start&quot;:0,&quot;end&quot;:50}},&quot;motion_fx_devices&quot;:[&quot;desktop&quot;,&quot;tablet&quot;,&quot;mobile&quot;]}\" data-widget_type=\"image.default\">\n\t\t\t\t<div class=\"elementor-widget-container\">\n\t\t\t\t\t\t\t\t\t\t\t\t\t\t\t<img fetchpriority=\"high\" decoding=\"async\" width=\"720\" height=\"482\" src=\"https:\/\/turismoelpedroso.com\/wp-content\/uploads\/2022\/09\/2012544Master.jpg\" class=\"attachment-full size-full wp-image-5524\" alt=\"\" srcset=\"https:\/\/turismoelpedroso.com\/wp-content\/uploads\/2022\/09\/2012544Master.jpg 720w, https:\/\/turismoelpedroso.com\/wp-content\/uploads\/2022\/09\/2012544Master-300x201.jpg 300w\" sizes=\"(max-width: 720px) 100vw, 720px\" \/>\t\t\t\t\t\t\t\t\t\t\t\t\t\t\t<\/div>\n\t\t\t\t<\/div>\n\t\t\t\t\t<\/div>\n\t\t<\/div>\n\t\t\t\t\t<\/div>\n\t\t<\/section>\n\t\t\t\t<section class=\"elementor-section elementor-top-section elementor-element elementor-element-1d45979 elementor-section-height-min-height elementor-section-items-top elementor-section-boxed elementor-section-height-default\" data-id=\"1d45979\" data-element_type=\"section\" data-settings=\"{&quot;shape_divider_bottom&quot;:&quot;curve&quot;,&quot;shape_divider_bottom_negative&quot;:&quot;yes&quot;}\">\n\t\t\t\t\t<div class=\"elementor-shape elementor-shape-bottom\" aria-hidden=\"true\" data-negative=\"true\">\n\t\t\t<svg xmlns=\"http:\/\/www.w3.org\/2000\/svg\" viewbox=\"0 0 1000 100\" preserveaspectratio=\"none\">\n\t<path class=\"elementor-shape-fill\" d=\"M500,97C126.7,96.3,0.8,19.8,0,0v100l1000,0V1C1000,19.4,873.3,97.8,500,97z\"\/>\n<\/svg>\t\t<\/div>\n\t\t\t\t\t<div class=\"elementor-container elementor-column-gap-default\">\n\t\t\t\t\t<div class=\"elementor-column elementor-col-50 elementor-top-column elementor-element elementor-element-9e7a2f3\" data-id=\"9e7a2f3\" data-element_type=\"column\" data-settings=\"{&quot;background_background&quot;:&quot;classic&quot;}\">\n\t\t\t<div class=\"elementor-widget-wrap elementor-element-populated\">\n\t\t\t\t\t\t<div class=\"elementor-element elementor-element-1e2305f elementor-widget elementor-widget-video\" data-id=\"1e2305f\" data-element_type=\"widget\" data-settings=\"{&quot;youtube_url&quot;:&quot;https:\\\/\\\/youtu.be\\\/mJoR2LZpaCU&quot;,&quot;show_image_overlay&quot;:&quot;yes&quot;,&quot;image_overlay&quot;:{&quot;url&quot;:&quot;https:\\\/\\\/turismoelpedroso.com\\\/wp-content\\\/uploads\\\/2023\\\/03\\\/miniaturas_pedroso-municipio.png&quot;,&quot;id&quot;:7722,&quot;size&quot;:&quot;&quot;,&quot;alt&quot;:&quot;&quot;,&quot;source&quot;:&quot;library&quot;},&quot;video_type&quot;:&quot;youtube&quot;,&quot;controls&quot;:&quot;yes&quot;}\" data-widget_type=\"video.default\">\n\t\t\t\t<div class=\"elementor-widget-container\">\n\t\t\t\t\t\t\t<div class=\"elementor-wrapper elementor-open-inline\">\n\t\t\t<div class=\"elementor-video\"><\/div>\t\t\t\t<div class=\"elementor-custom-embed-image-overlay\" style=\"background-image: url(https:\/\/turismoelpedroso.com\/wp-content\/uploads\/2023\/03\/miniaturas_pedroso-municipio.png);\">\n\t\t\t\t\t\t\t\t\t\t\t\t\t\t\t\t<div class=\"elementor-custom-embed-play\" role=\"button\" aria-label=\"Play Video\" tabindex=\"0\" data-no-translation-aria-label=\"\">\n\t\t\t\t\t\t\t<i aria-hidden=\"true\" class=\"eicon-play\"><\/i>\t\t\t\t\t\t<\/div>\n\t\t\t\t\t\t\t\t\t<\/div>\n\t\t\t\t\t<\/div>\n\t\t\t\t\t\t<\/div>\n\t\t\t\t<\/div>\n\t\t\t\t\t<\/div>\n\t\t<\/div>\n\t\t\t\t<div class=\"elementor-column elementor-col-50 elementor-top-column elementor-element elementor-element-571fab9\" data-id=\"571fab9\" data-element_type=\"column\">\n\t\t\t<div class=\"elementor-widget-wrap elementor-element-populated\">\n\t\t\t\t\t\t<div class=\"elementor-element elementor-element-6e87d8d elementor-widget elementor-widget-heading\" data-id=\"6e87d8d\" data-element_type=\"widget\" data-widget_type=\"heading.default\">\n\t\t\t\t<div class=\"elementor-widget-container\">\n\t\t\t\t\t<h2 class=\"elementor-heading-title elementor-size-default\">El Pedroso a tout ce que vous recherchez\n<\/h2>\t\t\t\t<\/div>\n\t\t\t\t<\/div>\n\t\t\t\t<div class=\"elementor-element elementor-element-3465541 elementor-widget-divider--view-line elementor-widget elementor-widget-divider\" data-id=\"3465541\" data-element_type=\"widget\" data-widget_type=\"divider.default\">\n\t\t\t\t<div class=\"elementor-widget-container\">\n\t\t\t\t\t\t\t<div class=\"elementor-divider\">\n\t\t\t<span class=\"elementor-divider-separator\">\n\t\t\t\t\t\t<\/span>\n\t\t<\/div>\n\t\t\t\t\t\t<\/div>\n\t\t\t\t<\/div>\n\t\t\t\t<div class=\"elementor-element elementor-element-371006d elementor-widget elementor-widget-text-editor\" data-id=\"371006d\" data-element_type=\"widget\" data-widget_type=\"text-editor.default\">\n\t\t\t\t<div class=\"elementor-widget-container\">\n\t\t\t\t\t\t\t\t\t<p style=\"margin: 0cm 0cm 0.0001pt; background-image: initial; background-position: initial; background-size: initial; background-repeat: initial; background-attachment: initial; background-origin: initial; background-clip: initial;\"><span style=\"font-weight: 400;\">La question habituelle avant de partir en voyage : faut-il choisir le repos et la tranquillit\u00e9, ou un lieu passionnant \u00e0 visiter ? \u00c0 El Pedroso, vous avez tout ! L&#039;aventure de la d\u00e9couverte de l&#039;histoire, de la nature et de la culture de la r\u00e9gion, des c\u00e9l\u00e9brations comme nulle part ailleurs ; d\u00e9couvrez de nouvelles saveurs avec notre gastronomie et ressourcez-vous dans la nature la plus pure dans nos h\u00e9bergements ruraux.<\/span><\/p>\n\t\t\t\t\t\t\t\t<\/div>\n\t\t\t\t<\/div>\n\t\t\t\t<div class=\"elementor-element elementor-element-620ead6 elementor-widget elementor-widget-text-editor\" data-id=\"620ead6\" data-element_type=\"widget\" data-widget_type=\"text-editor.default\">\n\t\t\t\t<div class=\"elementor-widget-container\">\n\t\t\t\t\t\t\t\t\t<p style=\"margin: 0cm 0cm 0.0001pt; background-image: initial; background-position: initial; background-size: initial; background-repeat: initial; background-attachment: initial; background-origin: initial; background-clip: initial;\"><span style=\"font-weight: 400;\">Parce que nous savons qu&#039;il a tout ce que vous souhaitez pour votre voyage, nous souhaitons vous inviter \u00e0 conna\u00eetre El Pedroso dans toute sa splendeur. Nous vous donnons un aper\u00e7u de tout ce que vous ne pouvez pas manquer lors de votre visite.<\/span><\/p>\n\t\t\t\t\t\t\t\t<\/div>\n\t\t\t\t<\/div>\n\t\t\t\t<div class=\"elementor-element elementor-element-a4d157b elementor-widget elementor-widget-spacer\" data-id=\"a4d157b\" data-element_type=\"widget\" data-widget_type=\"spacer.default\">\n\t\t\t\t<div class=\"elementor-widget-container\">\n\t\t\t\t\t\t\t<div class=\"elementor-spacer\">\n\t\t\t<div class=\"elementor-spacer-inner\"><\/div>\n\t\t<\/div>\n\t\t\t\t\t\t<\/div>\n\t\t\t\t<\/div>\n\t\t\t\t\t<\/div>\n\t\t<\/div>\n\t\t\t\t\t<\/div>\n\t\t<\/section>\n\t\t\t\t<section class=\"elementor-section elementor-top-section elementor-element elementor-element-83db7db elementor-section-stretched elementor-reverse-tablet elementor-reverse-mobile elementor-section-boxed elementor-section-height-default elementor-section-height-default\" data-id=\"83db7db\" data-element_type=\"section\" data-settings=\"{&quot;stretch_section&quot;:&quot;section-stretched&quot;,&quot;background_background&quot;:&quot;classic&quot;,&quot;background_motion_fx_motion_fx_scrolling&quot;:&quot;yes&quot;,&quot;background_motion_fx_translateY_effect&quot;:&quot;yes&quot;,&quot;background_motion_fx_translateY_speed&quot;:{&quot;unit&quot;:&quot;px&quot;,&quot;size&quot;:4,&quot;sizes&quot;:[]},&quot;background_motion_fx_translateY_affectedRange&quot;:{&quot;unit&quot;:&quot;%&quot;,&quot;size&quot;:&quot;&quot;,&quot;sizes&quot;:{&quot;start&quot;:0,&quot;end&quot;:100}},&quot;background_motion_fx_devices&quot;:[&quot;desktop&quot;,&quot;tablet&quot;,&quot;mobile&quot;]}\">\n\t\t\t\t\t\t<div class=\"elementor-container elementor-column-gap-default\">\n\t\t\t\t\t<div class=\"elementor-column elementor-col-100 elementor-top-column elementor-element elementor-element-b3228fa\" data-id=\"b3228fa\" data-element_type=\"column\">\n\t\t\t<div class=\"elementor-widget-wrap elementor-element-populated\">\n\t\t\t\t\t\t<div class=\"elementor-element elementor-element-5d7c7cb elementor-widget elementor-widget-spacer\" data-id=\"5d7c7cb\" data-element_type=\"widget\" data-widget_type=\"spacer.default\">\n\t\t\t\t<div class=\"elementor-widget-container\">\n\t\t\t\t\t\t\t<div class=\"elementor-spacer\">\n\t\t\t<div class=\"elementor-spacer-inner\"><\/div>\n\t\t<\/div>\n\t\t\t\t\t\t<\/div>\n\t\t\t\t<\/div>\n\t\t\t\t<div class=\"elementor-element elementor-element-6adbbf7 elementor-widget elementor-widget-heading\" data-id=\"6adbbf7\" data-element_type=\"widget\" data-widget_type=\"heading.default\">\n\t\t\t\t<div class=\"elementor-widget-container\">\n\t\t\t\t\t<h2 class=\"elementor-heading-title elementor-size-default\">El Pedroso a tout ce que vous recherchez\n<\/h2>\t\t\t\t<\/div>\n\t\t\t\t<\/div>\n\t\t\t\t<div class=\"elementor-element elementor-element-0065c52 elementor-widget elementor-widget-spacer\" data-id=\"0065c52\" data-element_type=\"widget\" data-widget_type=\"spacer.default\">\n\t\t\t\t<div class=\"elementor-widget-container\">\n\t\t\t\t\t\t\t<div class=\"elementor-spacer\">\n\t\t\t<div class=\"elementor-spacer-inner\"><\/div>\n\t\t<\/div>\n\t\t\t\t\t\t<\/div>\n\t\t\t\t<\/div>\n\t\t\t\t<div class=\"elementor-element elementor-element-848ec4c elementor-widget elementor-widget-heading\" data-id=\"848ec4c\" data-element_type=\"widget\" data-widget_type=\"heading.default\">\n\t\t\t\t<div class=\"elementor-widget-container\">\n\t\t\t\t\t<p class=\"elementor-heading-title elementor-size-default\">Restez toujours connect\u00e9 avec notre application mobile. Toutes les informations \u00e0 port\u00e9e de main lors de votre voyage ou de sa planification. Recevez des nouvelles instantan\u00e9ment pour ne rien manquer lors de votre visite \u00e0 El Pedroso.<\/p>\t\t\t\t<\/div>\n\t\t\t\t<\/div>\n\t\t\t\t<div class=\"elementor-element elementor-element-bdf335c elementor-invisible elementor-widget elementor-widget-image\" data-id=\"bdf335c\" data-element_type=\"widget\" data-settings=\"{&quot;_animation&quot;:&quot;fadeIn&quot;}\" data-widget_type=\"image.default\">\n\t\t\t\t<div class=\"elementor-widget-container\">\n\t\t\t\t\t\t\t\t\t\t\t\t\t\t\t<img decoding=\"async\" width=\"1538\" height=\"1294\" src=\"https:\/\/turismoelpedroso.com\/wp-content\/uploads\/2022\/09\/phone-pedroso.jpg\" class=\"attachment-full size-full wp-image-5374\" alt=\"\" srcset=\"https:\/\/turismoelpedroso.com\/wp-content\/uploads\/2022\/09\/phone-pedroso.jpg 1538w, https:\/\/turismoelpedroso.com\/wp-content\/uploads\/2022\/09\/phone-pedroso-300x252.jpg 300w, https:\/\/turismoelpedroso.com\/wp-content\/uploads\/2022\/09\/phone-pedroso-1024x862.jpg 1024w, https:\/\/turismoelpedroso.com\/wp-content\/uploads\/2022\/09\/phone-pedroso-768x646.jpg 768w, https:\/\/turismoelpedroso.com\/wp-content\/uploads\/2022\/09\/phone-pedroso-1536x1292.jpg 1536w\" sizes=\"(max-width: 1538px) 100vw, 1538px\" \/>\t\t\t\t\t\t\t\t\t\t\t\t\t\t\t<\/div>\n\t\t\t\t<\/div>\n\t\t\t\t<div class=\"elementor-element elementor-element-f2be1fd elementor-widget__width-initial elementor-widget elementor-widget-image\" data-id=\"f2be1fd\" data-element_type=\"widget\" data-widget_type=\"image.default\">\n\t\t\t\t<div class=\"elementor-widget-container\">\n\t\t\t\t\t\t\t\t\t\t\t\t\t\t\t\t<a href=\"https:\/\/apps.apple.com\/us\/app\/el-pedroso\/id1642764230%20\" target=\"_blank\">\n\t\t\t\t\t\t\t<img decoding=\"async\" width=\"200\" height=\"60\" src=\"https:\/\/turismoelpedroso.com\/wp-content\/uploads\/2023\/03\/ios.png\" class=\"elementor-animation-shrink attachment-full size-full wp-image-7702\" alt=\"\" \/>\t\t\t\t\t\t\t\t<\/a>\n\t\t\t\t\t\t\t\t\t\t\t\t\t\t\t<\/div>\n\t\t\t\t<\/div>\n\t\t\t\t<div class=\"elementor-element elementor-element-36d9aaa elementor-widget__width-initial elementor-widget elementor-widget-image\" data-id=\"36d9aaa\" data-element_type=\"widget\" data-widget_type=\"image.default\">\n\t\t\t\t<div class=\"elementor-widget-container\">\n\t\t\t\t\t\t\t\t\t\t\t\t\t\t\t\t<a href=\"https:\/\/play.google.com\/store\/apps\/details?id=nattule.pedroso&#038;hl\" target=\"_blank\">\n\t\t\t\t\t\t\t<img loading=\"lazy\" decoding=\"async\" width=\"200\" height=\"60\" src=\"https:\/\/turismoelpedroso.com\/wp-content\/uploads\/2023\/03\/android.png\" class=\"elementor-animation-shrink attachment-full size-full wp-image-7706\" alt=\"\" \/>\t\t\t\t\t\t\t\t<\/a>\n\t\t\t\t\t\t\t\t\t\t\t\t\t\t\t<\/div>\n\t\t\t\t<\/div>\n\t\t\t\t<div class=\"elementor-element elementor-element-ce2d22f elementor-widget elementor-widget-spacer\" data-id=\"ce2d22f\" data-element_type=\"widget\" data-widget_type=\"spacer.default\">\n\t\t\t\t<div class=\"elementor-widget-container\">\n\t\t\t\t\t\t\t<div class=\"elementor-spacer\">\n\t\t\t<div class=\"elementor-spacer-inner\"><\/div>\n\t\t<\/div>\n\t\t\t\t\t\t<\/div>\n\t\t\t\t<\/div>\n\t\t\t\t\t<\/div>\n\t\t<\/div>\n\t\t\t\t\t<\/div>\n\t\t<\/section>\n\t\t\t\t<section class=\"elementor-section elementor-top-section elementor-element elementor-element-6420c2c elementor-section-height-min-height elementor-section-boxed elementor-section-height-default elementor-section-items-middle\" data-id=\"6420c2c\" data-element_type=\"section\" data-settings=\"{&quot;shape_divider_top&quot;:&quot;curve&quot;,&quot;shape_divider_top_negative&quot;:&quot;yes&quot;}\">\n\t\t\t\t\t<div class=\"elementor-shape elementor-shape-top\" aria-hidden=\"true\" data-negative=\"true\">\n\t\t\t<svg xmlns=\"http:\/\/www.w3.org\/2000\/svg\" viewbox=\"0 0 1000 100\" preserveaspectratio=\"none\">\n\t<path class=\"elementor-shape-fill\" d=\"M500,97C126.7,96.3,0.8,19.8,0,0v100l1000,0V1C1000,19.4,873.3,97.8,500,97z\"\/>\n<\/svg>\t\t<\/div>\n\t\t\t\t\t<div class=\"elementor-container elementor-column-gap-default\">\n\t\t\t\t\t<div class=\"elementor-column elementor-col-50 elementor-top-column elementor-element elementor-element-b36565b\" data-id=\"b36565b\" data-element_type=\"column\">\n\t\t\t<div class=\"elementor-widget-wrap elementor-element-populated\">\n\t\t\t\t\t\t<div class=\"elementor-element elementor-element-6b9eff7 elementor-widget elementor-widget-image\" data-id=\"6b9eff7\" data-element_type=\"widget\" data-settings=\"{&quot;motion_fx_motion_fx_scrolling&quot;:&quot;yes&quot;,&quot;motion_fx_translateX_effect&quot;:&quot;yes&quot;,&quot;motion_fx_translateX_direction&quot;:&quot;negative&quot;,&quot;motion_fx_translateX_speed&quot;:{&quot;unit&quot;:&quot;px&quot;,&quot;size&quot;:8,&quot;sizes&quot;:[]},&quot;motion_fx_translateX_affectedRange&quot;:{&quot;unit&quot;:&quot;%&quot;,&quot;size&quot;:&quot;&quot;,&quot;sizes&quot;:{&quot;start&quot;:0,&quot;end&quot;:50}},&quot;motion_fx_scale_effect&quot;:&quot;yes&quot;,&quot;motion_fx_scale_direction&quot;:&quot;in-out&quot;,&quot;motion_fx_scale_speed&quot;:{&quot;unit&quot;:&quot;px&quot;,&quot;size&quot;:-10,&quot;sizes&quot;:[]},&quot;motion_fx_scale_range&quot;:{&quot;unit&quot;:&quot;%&quot;,&quot;size&quot;:&quot;&quot;,&quot;sizes&quot;:{&quot;start&quot;:0,&quot;end&quot;:50}},&quot;motion_fx_devices&quot;:[&quot;desktop&quot;,&quot;tablet&quot;,&quot;mobile&quot;]}\" data-widget_type=\"image.default\">\n\t\t\t\t<div class=\"elementor-widget-container\">\n\t\t\t\t\t\t\t\t\t\t\t\t\t\t\t<img loading=\"lazy\" decoding=\"async\" width=\"2483\" height=\"1531\" src=\"https:\/\/turismoelpedroso.com\/wp-content\/uploads\/2022\/12\/DJI_0582.jpeg\" class=\"attachment-full size-full wp-image-7318\" alt=\"\" srcset=\"https:\/\/turismoelpedroso.com\/wp-content\/uploads\/2022\/12\/DJI_0582.jpeg 2483w, https:\/\/turismoelpedroso.com\/wp-content\/uploads\/2022\/12\/DJI_0582-300x185.jpeg 300w, https:\/\/turismoelpedroso.com\/wp-content\/uploads\/2022\/12\/DJI_0582-1024x631.jpeg 1024w, https:\/\/turismoelpedroso.com\/wp-content\/uploads\/2022\/12\/DJI_0582-768x474.jpeg 768w, https:\/\/turismoelpedroso.com\/wp-content\/uploads\/2022\/12\/DJI_0582-1536x947.jpeg 1536w, https:\/\/turismoelpedroso.com\/wp-content\/uploads\/2022\/12\/DJI_0582-2048x1263.jpeg 2048w\" sizes=\"(max-width: 2483px) 100vw, 2483px\" \/>\t\t\t\t\t\t\t\t\t\t\t\t\t\t\t<\/div>\n\t\t\t\t<\/div>\n\t\t\t\t\t<\/div>\n\t\t<\/div>\n\t\t\t\t<div class=\"elementor-column elementor-col-50 elementor-top-column elementor-element elementor-element-53e7671\" data-id=\"53e7671\" data-element_type=\"column\">\n\t\t\t<div class=\"elementor-widget-wrap elementor-element-populated\">\n\t\t\t\t\t\t<div class=\"elementor-element elementor-element-86229b7 elementor-widget elementor-widget-spacer\" data-id=\"86229b7\" data-element_type=\"widget\" data-widget_type=\"spacer.default\">\n\t\t\t\t<div class=\"elementor-widget-container\">\n\t\t\t\t\t\t\t<div class=\"elementor-spacer\">\n\t\t\t<div class=\"elementor-spacer-inner\"><\/div>\n\t\t<\/div>\n\t\t\t\t\t\t<\/div>\n\t\t\t\t<\/div>\n\t\t\t\t<div class=\"elementor-element elementor-element-4d24613 elementor-widget elementor-widget-heading\" data-id=\"4d24613\" data-element_type=\"widget\" data-widget_type=\"heading.default\">\n\t\t\t\t<div class=\"elementor-widget-container\">\n\t\t\t\t\t<h2 class=\"elementor-heading-title elementor-size-default\">C\u0153ur de la Sierra Morena S\u00e9ville\n<\/h2>\t\t\t\t<\/div>\n\t\t\t\t<\/div>\n\t\t\t\t<div class=\"elementor-element elementor-element-c9410c0 elementor-widget-divider--view-line elementor-widget elementor-widget-divider\" data-id=\"c9410c0\" data-element_type=\"widget\" data-widget_type=\"divider.default\">\n\t\t\t\t<div class=\"elementor-widget-container\">\n\t\t\t\t\t\t\t<div class=\"elementor-divider\">\n\t\t\t<span class=\"elementor-divider-separator\">\n\t\t\t\t\t\t<\/span>\n\t\t<\/div>\n\t\t\t\t\t\t<\/div>\n\t\t\t\t<\/div>\n\t\t\t\t<div class=\"elementor-element elementor-element-4f73e79 elementor-widget elementor-widget-text-editor\" data-id=\"4f73e79\" data-element_type=\"widget\" data-widget_type=\"text-editor.default\">\n\t\t\t\t<div class=\"elementor-widget-container\">\n\t\t\t\t\t\t\t\t\t<p style=\"margin: 0cm 0cm 0.0001pt; background-image: initial; background-position: initial; background-size: initial; background-repeat: initial; background-attachment: initial; background-origin: initial; background-clip: initial;\"><span style=\"font-family: Jost, serif;\">El Pedroso est situ\u00e9 au nord-est de la province de S\u00e9ville, \u00e0 60 km de la capitale, et peut \u00eatre consid\u00e9r\u00e9 comme la porte d&#039;entr\u00e9e du\u00a0<\/span><strong><span style=\"font-family: Jost, serif;\">R\u00e9gion de Sierra Morena \u00e0 S\u00e9ville<\/span><\/strong><span style=\"font-family: Jost, serif;\">. Elle a une superficie de 314 km\u00b2, ce qui repr\u00e9sente 14,45 % du territoire total de la r\u00e9gion ; Il est situ\u00e9 \u00e0 une hauteur moyenne de 415 m. au-dessus du niveau de la mer, \u00e0 une latitude de 37\u00ba 50\u2032 et une longitude de 5\u00ba 45\u2032.<\/span><\/p>\n<p>\u00a0<\/p>\n<p style=\"margin: 0cm 0cm 0.0001pt; background-image: initial; background-position: initial; background-size: initial; background-repeat: initial; background-attachment: initial; background-origin: initial; background-clip: initial;\"><span style=\"font-family: Jost, serif;\">Son emplacement sur les branches sud de\u00a0<\/span><strong><span style=\"font-family: Jost, serif;\">Sierra Morena<\/span><\/strong><span style=\"font-family: Jost, serif;\">\u00a0Il donne \u00e0 son paysage une physionomie particuli\u00e8re, avec des montagnes basses et vallonn\u00e9es, le plus haut \u00e9tant le Cerro de La Lima \u00e0 678 m\u00e8tres. Ces montagnes sont riches en min\u00e9raux, notamment en fer ; dans certaines zones apparaissent \u00e9galement des affleurements de granit, qui donnent \u00e0 notre territoire un aspect particulier.<\/span><\/p>\n\t\t\t\t\t\t\t\t<\/div>\n\t\t\t\t<\/div>\n\t\t\t\t\t<\/div>\n\t\t<\/div>\n\t\t\t\t\t<\/div>\n\t\t<\/section>\n\t\t\t\t<section class=\"elementor-section elementor-top-section elementor-element elementor-element-9192424 elementor-section-height-min-height elementor-section-boxed elementor-section-height-default elementor-section-items-middle\" data-id=\"9192424\" data-element_type=\"section\">\n\t\t\t\t\t\t<div class=\"elementor-container elementor-column-gap-default\">\n\t\t\t\t\t<div class=\"elementor-column elementor-col-50 elementor-top-column elementor-element elementor-element-bf9622e\" data-id=\"bf9622e\" data-element_type=\"column\">\n\t\t\t<div class=\"elementor-widget-wrap elementor-element-populated\">\n\t\t\t\t\t\t<div class=\"elementor-element elementor-element-6d82191 elementor-widget elementor-widget-heading\" data-id=\"6d82191\" data-element_type=\"widget\" data-widget_type=\"heading.default\">\n\t\t\t\t<div class=\"elementor-widget-container\">\n\t\t\t\t\t<h2 class=\"elementor-heading-title elementor-size-default\">La nature \u00e0 l&#039;\u00e9tat pur\n<\/h2>\t\t\t\t<\/div>\n\t\t\t\t<\/div>\n\t\t\t\t<div class=\"elementor-element elementor-element-c94fb7f elementor-widget-divider--view-line elementor-widget elementor-widget-divider\" data-id=\"c94fb7f\" data-element_type=\"widget\" data-widget_type=\"divider.default\">\n\t\t\t\t<div class=\"elementor-widget-container\">\n\t\t\t\t\t\t\t<div class=\"elementor-divider\">\n\t\t\t<span class=\"elementor-divider-separator\">\n\t\t\t\t\t\t<\/span>\n\t\t<\/div>\n\t\t\t\t\t\t<\/div>\n\t\t\t\t<\/div>\n\t\t\t\t<div class=\"elementor-element elementor-element-afaf581 elementor-widget elementor-widget-text-editor\" data-id=\"afaf581\" data-element_type=\"widget\" data-widget_type=\"text-editor.default\">\n\t\t\t\t<div class=\"elementor-widget-container\">\n\t\t\t\t\t\t\t\t\t<p style=\"margin: 0cm 0cm 0.0001pt; background-image: initial; background-position: initial; background-size: initial; background-repeat: initial; background-attachment: initial; background-origin: initial; background-clip: initial; text-align: left;\" align=\"right\"><span style=\"font-family: Jost, serif;\">Son\u00a0<\/span><strong><span style=\"font-family: Jost, serif;\">v\u00e9g\u00e9tation<\/span><\/strong><span style=\"font-family: Jost, serif;\">\u00a0Il est constitu\u00e9 d&#039;une for\u00eat m\u00e9diterran\u00e9enne de ch\u00eanes verts, de ch\u00eanes-li\u00e8ges et d&#039;oliviers, principalement dehesa, les buissons occupant les zones les plus \u00e9lev\u00e9es. La\u00a0<\/span><strong><span style=\"font-family: Jost, serif;\">bassin de la rivi\u00e8re<\/span><\/strong><span style=\"font-family: Jost, serif;\">\u00a0On y trouve les ruisseaux Parroso et San Pedro ; les rives du Guanagil et du Hueznar ; la rivi\u00e8re Viar et le r\u00e9servoir d&#039;Hueznar. Compte tenu de sa grande valeur \u00e9cologique, la majeure partie de son territoire a \u00e9t\u00e9 incluse dans le\u00a0<\/span><strong><span style=\"font-family: Jost, serif;\">Parc Naturel Sierra Norte de S\u00e9ville<\/span><\/strong><span style=\"font-family: Jost, serif;\">, \u00e0 l&#039;int\u00e9rieur \u00e0 son tour du\u00a0<\/span><strong><span style=\"font-family: Jost, serif;\">R\u00e9seau d&#039;espaces naturels prot\u00e9g\u00e9s d&#039;Andalousie<\/span><\/strong><span style=\"font-family: Jost, serif;\">.<\/span><\/p>\n<p align=\"right\">\u00a0<\/p>\n<p style=\"margin: 0cm 0cm 0.0001pt; background-image: initial; background-position: initial; background-size: initial; background-repeat: initial; background-attachment: initial; background-origin: initial; background-clip: initial; text-align: left;\" align=\"right\"><span style=\"font-family: Jost, serif;\">El Pedroso, comme le reste de la Sierra Morena de S\u00e9ville, enregistre le maximum\u00a0<\/span><strong><span style=\"font-family: Jost, serif;\">pluviom\u00e9trie<\/span><\/strong><span style=\"font-family: Jost, serif;\">\u00a0de la province de S\u00e9ville, son irr\u00e9gularit\u00e9, ainsi que l&#039;existence d&#039;une longue p\u00e9riode s\u00e8che, en sont la caract\u00e9ristique distinctive. La r\u00e9partition saisonni\u00e8re des temp\u00e9ratures est typique de la zone r\u00e9gionale dans laquelle elle se trouve, les saisons les mieux d\u00e9finies \u00e9tant l&#039;\u00e9t\u00e9, juillet et ao\u00fbt \u00e9tant les mois les plus chauds (temp\u00e9ratures comprises entre 24 et 25 \u00baC en moyenne) avec une moyenne maximale de 35 \u00baC. C et une moyenne minimale de 12,3\u00ba C et un hiver qui atteint les temp\u00e9ratures les plus basses en d\u00e9cembre, janvier et f\u00e9vrier, comprises entre 8 et 9\u00ba C en moyenne, avec une moyenne maximale de 13,6\u00ba C et une moyenne minimale de 3\u00ba C<\/span><\/p>\n\t\t\t\t\t\t\t\t<\/div>\n\t\t\t\t<\/div>\n\t\t\t\t\t<\/div>\n\t\t<\/div>\n\t\t\t\t<div class=\"elementor-column elementor-col-50 elementor-top-column elementor-element elementor-element-1c9492f\" data-id=\"1c9492f\" data-element_type=\"column\">\n\t\t\t<div class=\"elementor-widget-wrap elementor-element-populated\">\n\t\t\t\t\t\t<div class=\"elementor-element elementor-element-490e35f elementor-widget elementor-widget-image\" data-id=\"490e35f\" data-element_type=\"widget\" data-settings=\"{&quot;motion_fx_motion_fx_scrolling&quot;:&quot;yes&quot;,&quot;motion_fx_translateX_effect&quot;:&quot;yes&quot;,&quot;motion_fx_translateX_direction&quot;:&quot;negative&quot;,&quot;motion_fx_translateX_speed&quot;:{&quot;unit&quot;:&quot;px&quot;,&quot;size&quot;:8,&quot;sizes&quot;:[]},&quot;motion_fx_translateX_affectedRange&quot;:{&quot;unit&quot;:&quot;%&quot;,&quot;size&quot;:&quot;&quot;,&quot;sizes&quot;:{&quot;start&quot;:0,&quot;end&quot;:50}},&quot;motion_fx_scale_effect&quot;:&quot;yes&quot;,&quot;motion_fx_scale_direction&quot;:&quot;in-out&quot;,&quot;motion_fx_scale_speed&quot;:{&quot;unit&quot;:&quot;px&quot;,&quot;size&quot;:-10,&quot;sizes&quot;:[]},&quot;motion_fx_scale_range&quot;:{&quot;unit&quot;:&quot;%&quot;,&quot;size&quot;:&quot;&quot;,&quot;sizes&quot;:{&quot;start&quot;:0,&quot;end&quot;:50}},&quot;motion_fx_devices&quot;:[&quot;desktop&quot;,&quot;tablet&quot;,&quot;mobile&quot;]}\" data-widget_type=\"image.default\">\n\t\t\t\t<div class=\"elementor-widget-container\">\n\t\t\t\t\t\t\t\t\t\t\t\t\t\t\t<img loading=\"lazy\" decoding=\"async\" width=\"800\" height=\"600\" src=\"https:\/\/turismoelpedroso.com\/wp-content\/uploads\/2022\/09\/1782597Master.jpg\" class=\"attachment-full size-full wp-image-5533\" alt=\"\" srcset=\"https:\/\/turismoelpedroso.com\/wp-content\/uploads\/2022\/09\/1782597Master.jpg 800w, https:\/\/turismoelpedroso.com\/wp-content\/uploads\/2022\/09\/1782597Master-300x225.jpg 300w, https:\/\/turismoelpedroso.com\/wp-content\/uploads\/2022\/09\/1782597Master-768x576.jpg 768w\" sizes=\"(max-width: 800px) 100vw, 800px\" \/>\t\t\t\t\t\t\t\t\t\t\t\t\t\t\t<\/div>\n\t\t\t\t<\/div>\n\t\t\t\t\t<\/div>\n\t\t<\/div>\n\t\t\t\t\t<\/div>\n\t\t<\/section>\n\t\t\t\t<section class=\"elementor-section elementor-top-section elementor-element elementor-element-64eeaf0 elementor-section-height-min-height elementor-section-boxed elementor-section-height-default elementor-section-items-middle\" data-id=\"64eeaf0\" data-element_type=\"section\">\n\t\t\t\t\t\t<div class=\"elementor-container elementor-column-gap-default\">\n\t\t\t\t\t<div class=\"elementor-column elementor-col-100 elementor-top-column elementor-element elementor-element-1f58975\" data-id=\"1f58975\" data-element_type=\"column\">\n\t\t\t<div class=\"elementor-widget-wrap elementor-element-populated\">\n\t\t\t\t\t\t<div class=\"elementor-element elementor-element-0b68e42 elementor-widget elementor-widget-spacer\" data-id=\"0b68e42\" data-element_type=\"widget\" data-widget_type=\"spacer.default\">\n\t\t\t\t<div class=\"elementor-widget-container\">\n\t\t\t\t\t\t\t<div class=\"elementor-spacer\">\n\t\t\t<div class=\"elementor-spacer-inner\"><\/div>\n\t\t<\/div>\n\t\t\t\t\t\t<\/div>\n\t\t\t\t<\/div>\n\t\t\t\t<div class=\"elementor-element elementor-element-ba2f238 elementor-widget elementor-widget-heading\" data-id=\"ba2f238\" data-element_type=\"widget\" data-widget_type=\"heading.default\">\n\t\t\t\t<div class=\"elementor-widget-container\">\n\t\t\t\t\t<h2 class=\"elementor-heading-title elementor-size-default\">HISTOIRE D&#039;EL PEDROSO <\/h2>\t\t\t\t<\/div>\n\t\t\t\t<\/div>\n\t\t\t\t<div class=\"elementor-element elementor-element-690580b elementor-widget-divider--view-line elementor-widget elementor-widget-divider\" data-id=\"690580b\" data-element_type=\"widget\" data-widget_type=\"divider.default\">\n\t\t\t\t<div class=\"elementor-widget-container\">\n\t\t\t\t\t\t\t<div class=\"elementor-divider\">\n\t\t\t<span class=\"elementor-divider-separator\">\n\t\t\t\t\t\t<\/span>\n\t\t<\/div>\n\t\t\t\t\t\t<\/div>\n\t\t\t\t<\/div>\n\t\t\t\t<div class=\"elementor-element elementor-element-1cbb2b7 elementor-widget elementor-widget-text-editor\" data-id=\"1cbb2b7\" data-element_type=\"widget\" data-widget_type=\"text-editor.default\">\n\t\t\t\t<div class=\"elementor-widget-container\">\n\t\t\t\t\t\t\t\t\t<p>On peut situer la pr\u00e9sence humaine dans la r\u00e9gion d&#039;El Pedroso au Pal\u00e9olithique, gr\u00e2ce \u00e0 la d\u00e9couverte de pointes de fl\u00e8ches en silex.<\/p>\n<p>\u00a0<\/p>\n<p>La culture m\u00e9galithique n\u00e9olithique s&#039;y est \u00e9galement d\u00e9velopp\u00e9e, ce qui confirme la d\u00e9couverte r\u00e9cente d&#039;un Tholos.<\/p>\n<p>\u00a0<\/p>\n<p>La r\u00e9cup\u00e9ration de c\u00e9ramiques appel\u00e9es \u00ab crestants \u00bb en arch\u00e9ologie garantira l&#039;existence de populations humaines \u00e9galement au Chalcolithique.<\/p>\n<p>\u00a0<\/p>\n<p>Les pointes de fl\u00e8ches et les croissants d\u00e9couverts dans la zone granitique du Pago de las Porrillas, \u00e0 proximit\u00e9 du centre urbain actuel, et les tholos (1) dans le prolongement de la zone granitique susmentionn\u00e9e.<\/p>\n<p>\u00a0<\/p>\n\t\t\t\t\t\t\t\t<\/div>\n\t\t\t\t<\/div>\n\t\t\t\t\t<\/div>\n\t\t<\/div>\n\t\t\t\t\t<\/div>\n\t\t<\/section>\n\t\t\t\t<section class=\"elementor-section elementor-top-section elementor-element elementor-element-afac861 elementor-section-height-min-height elementor-section-boxed elementor-section-height-default elementor-section-items-middle\" data-id=\"afac861\" data-element_type=\"section\">\n\t\t\t\t\t\t<div class=\"elementor-container elementor-column-gap-default\">\n\t\t\t\t\t<div class=\"elementor-column elementor-col-50 elementor-top-column elementor-element elementor-element-7fb231a\" data-id=\"7fb231a\" data-element_type=\"column\">\n\t\t\t<div class=\"elementor-widget-wrap elementor-element-populated\">\n\t\t\t\t\t\t<div class=\"elementor-element elementor-element-36c33bc elementor-widget elementor-widget-image\" data-id=\"36c33bc\" data-element_type=\"widget\" data-settings=\"{&quot;motion_fx_motion_fx_scrolling&quot;:&quot;yes&quot;,&quot;motion_fx_translateX_effect&quot;:&quot;yes&quot;,&quot;motion_fx_translateX_direction&quot;:&quot;negative&quot;,&quot;motion_fx_translateX_speed&quot;:{&quot;unit&quot;:&quot;px&quot;,&quot;size&quot;:8,&quot;sizes&quot;:[]},&quot;motion_fx_translateX_affectedRange&quot;:{&quot;unit&quot;:&quot;%&quot;,&quot;size&quot;:&quot;&quot;,&quot;sizes&quot;:{&quot;start&quot;:0,&quot;end&quot;:50}},&quot;motion_fx_scale_effect&quot;:&quot;yes&quot;,&quot;motion_fx_scale_direction&quot;:&quot;in-out&quot;,&quot;motion_fx_scale_speed&quot;:{&quot;unit&quot;:&quot;px&quot;,&quot;size&quot;:-10,&quot;sizes&quot;:[]},&quot;motion_fx_scale_range&quot;:{&quot;unit&quot;:&quot;%&quot;,&quot;size&quot;:&quot;&quot;,&quot;sizes&quot;:{&quot;start&quot;:0,&quot;end&quot;:50}},&quot;motion_fx_devices&quot;:[&quot;desktop&quot;,&quot;tablet&quot;,&quot;mobile&quot;]}\" data-widget_type=\"image.default\">\n\t\t\t\t<div class=\"elementor-widget-container\">\n\t\t\t\t\t\t\t\t\t\t\t\t\t\t\t<img loading=\"lazy\" decoding=\"async\" width=\"561\" height=\"389\" src=\"https:\/\/turismoelpedroso.com\/wp-content\/uploads\/2022\/12\/El-pedroso-Turdetanos.jpg\" class=\"attachment-full size-full wp-image-7322\" alt=\"\" srcset=\"https:\/\/turismoelpedroso.com\/wp-content\/uploads\/2022\/12\/El-pedroso-Turdetanos.jpg 561w, https:\/\/turismoelpedroso.com\/wp-content\/uploads\/2022\/12\/El-pedroso-Turdetanos-300x208.jpg 300w\" sizes=\"(max-width: 561px) 100vw, 561px\" \/>\t\t\t\t\t\t\t\t\t\t\t\t\t\t\t<\/div>\n\t\t\t\t<\/div>\n\t\t\t\t\t<\/div>\n\t\t<\/div>\n\t\t\t\t<div class=\"elementor-column elementor-col-50 elementor-top-column elementor-element elementor-element-f6607f7\" data-id=\"f6607f7\" data-element_type=\"column\">\n\t\t\t<div class=\"elementor-widget-wrap elementor-element-populated\">\n\t\t\t\t\t\t<div class=\"elementor-element elementor-element-4df6e91 elementor-widget elementor-widget-spacer\" data-id=\"4df6e91\" data-element_type=\"widget\" data-widget_type=\"spacer.default\">\n\t\t\t\t<div class=\"elementor-widget-container\">\n\t\t\t\t\t\t\t<div class=\"elementor-spacer\">\n\t\t\t<div class=\"elementor-spacer-inner\"><\/div>\n\t\t<\/div>\n\t\t\t\t\t\t<\/div>\n\t\t\t\t<\/div>\n\t\t\t\t<div class=\"elementor-element elementor-element-578c65d elementor-widget elementor-widget-heading\" data-id=\"578c65d\" data-element_type=\"widget\" data-widget_type=\"heading.default\">\n\t\t\t\t<div class=\"elementor-widget-container\">\n\t\t\t\t\t<h2 class=\"elementor-heading-title elementor-size-default\">PROTOHISTOIRE<\/h2>\t\t\t\t<\/div>\n\t\t\t\t<\/div>\n\t\t\t\t<div class=\"elementor-element elementor-element-258c547 elementor-widget-divider--view-line elementor-widget elementor-widget-divider\" data-id=\"258c547\" data-element_type=\"widget\" data-widget_type=\"divider.default\">\n\t\t\t\t<div class=\"elementor-widget-container\">\n\t\t\t\t\t\t\t<div class=\"elementor-divider\">\n\t\t\t<span class=\"elementor-divider-separator\">\n\t\t\t\t\t\t<\/span>\n\t\t<\/div>\n\t\t\t\t\t\t<\/div>\n\t\t\t\t<\/div>\n\t\t\t\t<div class=\"elementor-element elementor-element-4dedd27 elementor-widget elementor-widget-text-editor\" data-id=\"4dedd27\" data-element_type=\"widget\" data-widget_type=\"text-editor.default\">\n\t\t\t\t<div class=\"elementor-widget-container\">\n\t\t\t\t\t\t\t\t\t<p>Le terme d&#039;El Pedroso (et de toute la Sierra Morena) faisait partie de la Turdetania (Royaume de Tartesso) habit\u00e9e par les tribus Tartessas et T\u00fardulas.<\/p>\n<p>\u00a0<\/p>\n<p>Dans le p\u00e2turage des Casas de G\u00f3mez, on a trouv\u00e9 un trousseau en or (d&#039;origine tartessienne) qui a \u00e9t\u00e9 d\u00e9pos\u00e9 au Mus\u00e9e Arch\u00e9ologique de S\u00e9ville.<\/p>\n\t\t\t\t\t\t\t\t<\/div>\n\t\t\t\t<\/div>\n\t\t\t\t\t<\/div>\n\t\t<\/div>\n\t\t\t\t\t<\/div>\n\t\t<\/section>\n\t\t\t\t<section class=\"elementor-section elementor-top-section elementor-element elementor-element-b02a857 elementor-section-height-min-height elementor-reverse-mobile elementor-section-items-top elementor-section-boxed elementor-section-height-default\" data-id=\"b02a857\" data-element_type=\"section\">\n\t\t\t\t\t\t<div class=\"elementor-container elementor-column-gap-default\">\n\t\t\t\t\t<div class=\"elementor-column elementor-col-50 elementor-top-column elementor-element elementor-element-618679b\" data-id=\"618679b\" data-element_type=\"column\">\n\t\t\t<div class=\"elementor-widget-wrap elementor-element-populated\">\n\t\t\t\t\t\t<div class=\"elementor-element elementor-element-1236bfb elementor-widget elementor-widget-heading\" data-id=\"1236bfb\" data-element_type=\"widget\" data-widget_type=\"heading.default\">\n\t\t\t\t<div class=\"elementor-widget-container\">\n\t\t\t\t\t<h2 class=\"elementor-heading-title elementor-size-default\">BATH\u00c9TIQUE ROMAINE<\/h2>\t\t\t\t<\/div>\n\t\t\t\t<\/div>\n\t\t\t\t<div class=\"elementor-element elementor-element-7c344d0 elementor-widget-divider--view-line elementor-widget elementor-widget-divider\" data-id=\"7c344d0\" data-element_type=\"widget\" data-widget_type=\"divider.default\">\n\t\t\t\t<div class=\"elementor-widget-container\">\n\t\t\t\t\t\t\t<div class=\"elementor-divider\">\n\t\t\t<span class=\"elementor-divider-separator\">\n\t\t\t\t\t\t<\/span>\n\t\t<\/div>\n\t\t\t\t\t\t<\/div>\n\t\t\t\t<\/div>\n\t\t\t\t<div class=\"elementor-element elementor-element-f1b8226 elementor-widget elementor-widget-text-editor\" data-id=\"f1b8226\" data-element_type=\"widget\" data-widget_type=\"text-editor.default\">\n\t\t\t\t<div class=\"elementor-widget-container\">\n\t\t\t\t\t\t\t\t\t<p>Dans les champs d&#039;El Pedroso, isol\u00e9ment et en surface, on ne trouve que des restes de tegulas et de briques, apparemment de construction romaine, ainsi que d&#039;abondants restes de maisons, r\u00e9partis dans toute la zone, il est inexact et erron\u00e9 d&#039;identifier El Pedroso. (S\u00e9ville) avec l&#039;Augustobriga que les \u00e9crivains grecs et latins pla\u00e7aient \u00e0 Vettonia (Lusitanie) co\u00efncidant avec Talavera la Vieja (C\u00e1ceres) pr\u00e8s de la ville de Villar del Pedroso, d&#039;o\u00f9 l&#039;erreur de Rodrigo Caro.<\/p>\n<p class=\"MsoNormal\">L&#039;importance de cette zone pour les Romains vient d\u00e9j\u00e0 de leurs anc\u00eatres et se manifeste par l&#039;importance qu&#039;avait l&#039;extraction de diff\u00e9rents m\u00e9taux dans toute la r\u00e9gion.<\/p>\n<p class=\"MsoNormal\">Los pocos restos hallados en El Pedroso no dar\u00edan pie a muchas referencias a no ser porque en el l\u00edmite de su t\u00e9rmino actual, hoy en el de Villanueva del R\u00edo y Minas, nos encontramos un yacimiento arqueol\u00f3gico tan\u00a0 desconocido para muchos, como sorprendente. Entre un bosque de encinas y alcornoques, como preserv\u00e1ndose de curiosos,\u00a0 est\u00e1 el llamado &#8220;Castillo de Mulva&#8221; denominaci\u00f3n que con seguridad deriva de la s\u00f3lida construcci\u00f3n que, emergiendo entre los \u00e1rboles, divisaron sus descubridores en 1756 y\u00a0 de la inscripci\u00f3n que en una placa del foro nos dice:\u201c\u2026populoque muniguensi hispaniae\u2026\u201d<\/p>\n\t\t\t\t\t\t\t\t<\/div>\n\t\t\t\t<\/div>\n\t\t\t\t\t<\/div>\n\t\t<\/div>\n\t\t\t\t<div class=\"elementor-column elementor-col-50 elementor-top-column elementor-element elementor-element-31bcdb7\" data-id=\"31bcdb7\" data-element_type=\"column\">\n\t\t\t<div class=\"elementor-widget-wrap elementor-element-populated\">\n\t\t\t\t\t\t<div class=\"elementor-element elementor-element-8f81861 elementor-widget elementor-widget-image\" data-id=\"8f81861\" data-element_type=\"widget\" data-settings=\"{&quot;motion_fx_motion_fx_scrolling&quot;:&quot;yes&quot;,&quot;motion_fx_translateX_effect&quot;:&quot;yes&quot;,&quot;motion_fx_translateX_speed&quot;:{&quot;unit&quot;:&quot;px&quot;,&quot;size&quot;:8,&quot;sizes&quot;:[]},&quot;motion_fx_translateX_affectedRange&quot;:{&quot;unit&quot;:&quot;%&quot;,&quot;size&quot;:&quot;&quot;,&quot;sizes&quot;:{&quot;start&quot;:0,&quot;end&quot;:50}},&quot;motion_fx_scale_effect&quot;:&quot;yes&quot;,&quot;motion_fx_scale_direction&quot;:&quot;in-out&quot;,&quot;motion_fx_scale_speed&quot;:{&quot;unit&quot;:&quot;px&quot;,&quot;size&quot;:-10,&quot;sizes&quot;:[]},&quot;motion_fx_scale_range&quot;:{&quot;unit&quot;:&quot;%&quot;,&quot;size&quot;:&quot;&quot;,&quot;sizes&quot;:{&quot;start&quot;:0,&quot;end&quot;:50}},&quot;motion_fx_devices&quot;:[&quot;desktop&quot;,&quot;tablet&quot;,&quot;mobile&quot;]}\" data-widget_type=\"image.default\">\n\t\t\t\t<div class=\"elementor-widget-container\">\n\t\t\t\t\t\t\t\t\t\t\t\t\t\t\t<img loading=\"lazy\" decoding=\"async\" width=\"1280\" height=\"960\" src=\"https:\/\/turismoelpedroso.com\/wp-content\/uploads\/2022\/12\/Vista_general_munigua.jpg\" class=\"attachment-full size-full wp-image-7334\" alt=\"\" srcset=\"https:\/\/turismoelpedroso.com\/wp-content\/uploads\/2022\/12\/Vista_general_munigua.jpg 1280w, https:\/\/turismoelpedroso.com\/wp-content\/uploads\/2022\/12\/Vista_general_munigua-300x225.jpg 300w, https:\/\/turismoelpedroso.com\/wp-content\/uploads\/2022\/12\/Vista_general_munigua-1024x768.jpg 1024w, https:\/\/turismoelpedroso.com\/wp-content\/uploads\/2022\/12\/Vista_general_munigua-768x576.jpg 768w\" sizes=\"(max-width: 1280px) 100vw, 1280px\" \/>\t\t\t\t\t\t\t\t\t\t\t\t\t\t\t<\/div>\n\t\t\t\t<\/div>\n\t\t\t\t<div class=\"elementor-element elementor-element-d10182d elementor-widget elementor-widget-text-editor\" data-id=\"d10182d\" data-element_type=\"widget\" data-widget_type=\"text-editor.default\">\n\t\t\t\t<div class=\"elementor-widget-container\">\n\t\t\t\t\t\t\t\t\t<p class=\"MsoNormal\">Ses b\u00e2timents et surtout l&#039;imposant sanctuaire qui pr\u00e9side la colline attestent de son importance. Son activit\u00e9 \u00e9tait la fusion du cuivre dans un premier temps et ensuite du fer.<\/p>\n<p class=\"MsoNormal\">Elle a connu deux p\u00e9riodes d&#039;occupation, pr\u00e9-romaine et romaine, qui s&#039;\u00e9tendent du XVIIe si\u00e8cle. Via. de C. jusqu&#039;au d\u00e9but du s. IVd. de C.<\/p>\n<p class=\"MsoNormal\">La derni\u00e8re partie de l&#039;Empire, commenc\u00e9e par Auguste en l&#039;an 27 av. C., c&#039;est aussi pour Munigua, qui a commenc\u00e9 son d\u00e9clin \u00e0 la fin du s. IV (AD). Les vestiges, comme les scories de fonderie de fer, encore existantes dans la zone, et beaucoup de ses b\u00e2timents, r\u00e9alis\u00e9s en granit, nous fournissent des preuves \u00e9videntes que les mati\u00e8res premi\u00e8res provenaient de l&#039;environnement proche, comme, pour la pierre, l&#039;exploitation de celle-ci. , et pour le minerai de fer, les mines d&#039;El Pedroso, comme La Lima ou Naval\u00e1zaro.<\/p>\n\t\t\t\t\t\t\t\t<\/div>\n\t\t\t\t<\/div>\n\t\t\t\t\t<\/div>\n\t\t<\/div>\n\t\t\t\t\t<\/div>\n\t\t<\/section>\n\t\t\t\t<section class=\"elementor-section elementor-top-section elementor-element elementor-element-c5e1548 elementor-section-height-min-height elementor-section-boxed elementor-section-height-default elementor-section-items-middle\" data-id=\"c5e1548\" data-element_type=\"section\">\n\t\t\t\t\t\t<div class=\"elementor-container elementor-column-gap-default\">\n\t\t\t\t\t<div class=\"elementor-column elementor-col-50 elementor-top-column elementor-element elementor-element-0556dbe\" data-id=\"0556dbe\" data-element_type=\"column\">\n\t\t\t<div class=\"elementor-widget-wrap elementor-element-populated\">\n\t\t\t\t\t\t<div class=\"elementor-element elementor-element-7fcaff7 elementor-widget elementor-widget-image\" data-id=\"7fcaff7\" data-element_type=\"widget\" data-settings=\"{&quot;motion_fx_motion_fx_scrolling&quot;:&quot;yes&quot;,&quot;motion_fx_translateX_effect&quot;:&quot;yes&quot;,&quot;motion_fx_translateX_direction&quot;:&quot;negative&quot;,&quot;motion_fx_translateX_speed&quot;:{&quot;unit&quot;:&quot;px&quot;,&quot;size&quot;:8,&quot;sizes&quot;:[]},&quot;motion_fx_translateX_affectedRange&quot;:{&quot;unit&quot;:&quot;%&quot;,&quot;size&quot;:&quot;&quot;,&quot;sizes&quot;:{&quot;start&quot;:0,&quot;end&quot;:50}},&quot;motion_fx_scale_effect&quot;:&quot;yes&quot;,&quot;motion_fx_scale_direction&quot;:&quot;in-out&quot;,&quot;motion_fx_scale_speed&quot;:{&quot;unit&quot;:&quot;px&quot;,&quot;size&quot;:-10,&quot;sizes&quot;:[]},&quot;motion_fx_scale_range&quot;:{&quot;unit&quot;:&quot;%&quot;,&quot;size&quot;:&quot;&quot;,&quot;sizes&quot;:{&quot;start&quot;:0,&quot;end&quot;:50}},&quot;motion_fx_devices&quot;:[&quot;desktop&quot;,&quot;tablet&quot;,&quot;mobile&quot;]}\" data-widget_type=\"image.default\">\n\t\t\t\t<div class=\"elementor-widget-container\">\n\t\t\t\t\t\t\t\t\t\t\t\t\t\t\t<img loading=\"lazy\" decoding=\"async\" width=\"475\" height=\"597\" src=\"https:\/\/turismoelpedroso.com\/wp-content\/uploads\/2022\/12\/kura-de-firrish-el-pedroso.jpg\" class=\"attachment-full size-full wp-image-7338\" alt=\"\" srcset=\"https:\/\/turismoelpedroso.com\/wp-content\/uploads\/2022\/12\/kura-de-firrish-el-pedroso.jpg 475w, https:\/\/turismoelpedroso.com\/wp-content\/uploads\/2022\/12\/kura-de-firrish-el-pedroso-239x300.jpg 239w\" sizes=\"(max-width: 475px) 100vw, 475px\" \/>\t\t\t\t\t\t\t\t\t\t\t\t\t\t\t<\/div>\n\t\t\t\t<\/div>\n\t\t\t\t\t<\/div>\n\t\t<\/div>\n\t\t\t\t<div class=\"elementor-column elementor-col-50 elementor-top-column elementor-element elementor-element-1d8234c\" data-id=\"1d8234c\" data-element_type=\"column\">\n\t\t\t<div class=\"elementor-widget-wrap elementor-element-populated\">\n\t\t\t\t\t\t<div class=\"elementor-element elementor-element-b8c6a5b elementor-widget elementor-widget-spacer\" data-id=\"b8c6a5b\" data-element_type=\"widget\" data-widget_type=\"spacer.default\">\n\t\t\t\t<div class=\"elementor-widget-container\">\n\t\t\t\t\t\t\t<div class=\"elementor-spacer\">\n\t\t\t<div class=\"elementor-spacer-inner\"><\/div>\n\t\t<\/div>\n\t\t\t\t\t\t<\/div>\n\t\t\t\t<\/div>\n\t\t\t\t<div class=\"elementor-element elementor-element-fb2c18b elementor-widget elementor-widget-heading\" data-id=\"fb2c18b\" data-element_type=\"widget\" data-widget_type=\"heading.default\">\n\t\t\t\t<div class=\"elementor-widget-container\">\n\t\t\t\t\t<h2 class=\"elementor-heading-title elementor-size-default\">ARABES. FIRRISH KURA <\/h2>\t\t\t\t<\/div>\n\t\t\t\t<\/div>\n\t\t\t\t<div class=\"elementor-element elementor-element-aeee81a elementor-widget-divider--view-line elementor-widget elementor-widget-divider\" data-id=\"aeee81a\" data-element_type=\"widget\" data-widget_type=\"divider.default\">\n\t\t\t\t<div class=\"elementor-widget-container\">\n\t\t\t\t\t\t\t<div class=\"elementor-divider\">\n\t\t\t<span class=\"elementor-divider-separator\">\n\t\t\t\t\t\t<\/span>\n\t\t<\/div>\n\t\t\t\t\t\t<\/div>\n\t\t\t\t<\/div>\n\t\t\t\t<div class=\"elementor-element elementor-element-d6bd6b2 elementor-widget elementor-widget-text-editor\" data-id=\"d6bd6b2\" data-element_type=\"widget\" data-widget_type=\"text-editor.default\">\n\t\t\t\t<div class=\"elementor-widget-container\">\n\t\t\t\t\t\t\t\t\t<p>La Kura de Firrish, un district arabe auquel appartenait El Pedroso, dont la capitale Firrish, est situ\u00e9e dans la municipalit\u00e9 de Constantina, Cerro de la Armada.<\/p>\n<p>\u00a0<\/p>\n<p>La toponymie h\u00e9rit\u00e9e des musulmans est rare : rue del Alcazarejo ; Demi-boisseau\u00a0; Falaise maure\u00a0; Algamasilla; Pierre de la Mora Enchant\u00e9e\u00a0; Rivi\u00e8re Guzna (Rivera del Hu\u00e9znar); Ruisseau Parroso et oliveraie \u00ab sur le site d&#039;Altabacar \u00bb.<\/p>\n<p>\u00a0<\/p>\n<p>Il y a quelques ann\u00e9es, dans les p\u00e2turages de Montegil et Manchallana, ont \u00e9t\u00e9 d\u00e9couverts deux tr\u00e9sors de monnaies arabes, actuellement d\u00e9pos\u00e9s au Mus\u00e9e Arch\u00e9ologique de S\u00e9ville.<\/p>\n\t\t\t\t\t\t\t\t<\/div>\n\t\t\t\t<\/div>\n\t\t\t\t<div class=\"elementor-element elementor-element-f8e8ff0 elementor-widget elementor-widget-spacer\" data-id=\"f8e8ff0\" data-element_type=\"widget\" data-widget_type=\"spacer.default\">\n\t\t\t\t<div class=\"elementor-widget-container\">\n\t\t\t\t\t\t\t<div class=\"elementor-spacer\">\n\t\t\t<div class=\"elementor-spacer-inner\"><\/div>\n\t\t<\/div>\n\t\t\t\t\t\t<\/div>\n\t\t\t\t<\/div>\n\t\t\t\t\t<\/div>\n\t\t<\/div>\n\t\t\t\t\t<\/div>\n\t\t<\/section>\n\t\t\t\t<section class=\"elementor-section elementor-top-section elementor-element elementor-element-0853978 elementor-section-height-min-height elementor-section-boxed elementor-section-height-default elementor-section-items-middle\" data-id=\"0853978\" data-element_type=\"section\" data-settings=\"{&quot;background_background&quot;:&quot;classic&quot;,&quot;shape_divider_top&quot;:&quot;waves&quot;}\">\n\t\t\t\t\t<div class=\"elementor-shape elementor-shape-top\" aria-hidden=\"true\" data-negative=\"false\">\n\t\t\t<svg xmlns=\"http:\/\/www.w3.org\/2000\/svg\" viewbox=\"0 0 1000 100\" preserveaspectratio=\"none\">\n\t<path class=\"elementor-shape-fill\" d=\"M421.9,6.5c22.6-2.5,51.5,0.4,75.5,5.3c23.6,4.9,70.9,23.5,100.5,35.7c75.8,32.2,133.7,44.5,192.6,49.7\tc23.6,2.1,48.7,3.5,103.4-2.5c54.7-6,106.2-25.6,106.2-25.6V0H0v30.3c0,0,72,32.6,158.4,30.5c39.2-0.7,92.8-6.7,134-22.4\tc21.2-8.1,52.2-18.2,79.7-24.2C399.3,7.9,411.6,7.5,421.9,6.5z\"\/>\n<\/svg>\t\t<\/div>\n\t\t\t\t\t<div class=\"elementor-container elementor-column-gap-default\">\n\t\t\t\t\t<div class=\"elementor-column elementor-col-100 elementor-top-column elementor-element elementor-element-75e8623\" data-id=\"75e8623\" data-element_type=\"column\">\n\t\t\t<div class=\"elementor-widget-wrap elementor-element-populated\">\n\t\t\t\t\t\t<div class=\"elementor-element elementor-element-85b379c elementor-widget elementor-widget-html\" data-id=\"85b379c\" data-element_type=\"widget\" data-widget_type=\"html.default\">\n\t\t\t\t<div class=\"elementor-widget-container\">\n\t\t\t\t\t<center>\r\n    <script src=\"https:\/\/cdn.lordicon.com\/ritcuqlt.js\"><\/script>\r\n    <lord-icon src=\"https:\/\/cdn.lordicon.com\/wlpxtupd.json\" trigger=\"loop\" colors=\"primary:#ffffff,secondary:#23d2d3\"\r\n        state=\"loop-1\" style=\"width:120px;height:120px\">\r\n    <\/lord-icon>\r\n<\/center>\t\t\t\t<\/div>\n\t\t\t\t<\/div>\n\t\t\t\t<div class=\"elementor-element elementor-element-6432e8e elementor-widget elementor-widget-text-editor\" data-id=\"6432e8e\" data-element_type=\"widget\" data-widget_type=\"text-editor.default\">\n\t\t\t\t<div class=\"elementor-widget-container\">\n\t\t\t\t\t\t\t\t\t<p><span style=\"font-weight: 400;\">Ne partez pas sans avoir visit\u00e9 tous ses attraits naturels, religieux et historiques. Ajoutez \u00e0 votre exp\u00e9rience l&#039;Ermitage du Cristo de la Misericordia, la Cruz del Humilladero, l&#039;\u00e9glise de Nuestra Se\u00f1ora de la Consolaci\u00f3n, l&#039;Ermitage de la Virgen del Espino, notre Usine de Fer, ou nos itin\u00e9raires de randonn\u00e9e et bien plus encore !<\/span><\/p>\n\t\t\t\t\t\t\t\t<\/div>\n\t\t\t\t<\/div>\n\t\t\t\t<div class=\"elementor-element elementor-element-8224654 elementor-widget-divider--view-line elementor-widget elementor-widget-divider\" data-id=\"8224654\" data-element_type=\"widget\" data-widget_type=\"divider.default\">\n\t\t\t\t<div class=\"elementor-widget-container\">\n\t\t\t\t\t\t\t<div class=\"elementor-divider\">\n\t\t\t<span class=\"elementor-divider-separator\">\n\t\t\t\t\t\t<\/span>\n\t\t<\/div>\n\t\t\t\t\t\t<\/div>\n\t\t\t\t<\/div>\n\t\t\t\t<div class=\"elementor-element elementor-element-982ea2d elementor-widget elementor-widget-heading\" data-id=\"982ea2d\" data-element_type=\"widget\" data-widget_type=\"heading.default\">\n\t\t\t\t<div class=\"elementor-widget-container\">\n\t\t\t\t\t<h2 class=\"elementor-heading-title elementor-size-default\">\u00cates-vous pr\u00eat \u00e0 vivre votre propre exp\u00e9rience ?<\/h2>\t\t\t\t<\/div>\n\t\t\t\t<\/div>\n\t\t\t\t<div class=\"elementor-element elementor-element-ab59ff9 elementor-align-center elementor-widget__width-auto elementor-widget elementor-widget-button\" data-id=\"ab59ff9\" data-element_type=\"widget\" data-widget_type=\"button.default\">\n\t\t\t\t<div class=\"elementor-widget-container\">\n\t\t\t\t\t\t\t\t\t<div class=\"elementor-button-wrapper\">\n\t\t\t\t\t<a class=\"elementor-button elementor-button-link elementor-size-sm elementor-animation-grow\" href=\"\/fr\/itineraires\/\">\n\t\t\t\t\t\t<span class=\"elementor-button-content-wrapper\">\n\t\t\t\t\t\t\t\t\t<span class=\"elementor-button-text\">D\u00e9couvrez nos itin\u00e9raires<\/span>\n\t\t\t\t\t<\/span>\n\t\t\t\t\t<\/a>\n\t\t\t\t<\/div>\n\t\t\t\t\t\t\t\t<\/div>\n\t\t\t\t<\/div>\n\t\t\t\t<div class=\"elementor-element elementor-element-8a107b4 elementor-align-center elementor-widget__width-auto elementor-widget elementor-widget-button\" data-id=\"8a107b4\" data-element_type=\"widget\" data-widget_type=\"button.default\">\n\t\t\t\t<div class=\"elementor-widget-container\">\n\t\t\t\t\t\t\t\t\t<div class=\"elementor-button-wrapper\">\n\t\t\t\t\t<a class=\"elementor-button elementor-button-link elementor-size-sm elementor-animation-grow\" href=\"\/fr\/localizacion\/monumentos\/\">\n\t\t\t\t\t\t<span class=\"elementor-button-content-wrapper\">\n\t\t\t\t\t\t\t\t\t<span class=\"elementor-button-text\">Visitez nos monuments<\/span>\n\t\t\t\t\t<\/span>\n\t\t\t\t\t<\/a>\n\t\t\t\t<\/div>\n\t\t\t\t\t\t\t\t<\/div>\n\t\t\t\t<\/div>\n\t\t\t\t\t<\/div>\n\t\t<\/div>\n\t\t\t\t\t<\/div>\n\t\t<\/section>\n\t\t\t\t<section class=\"elementor-section elementor-top-section elementor-element elementor-element-72d506f elementor-section-boxed elementor-section-height-default elementor-section-height-default\" data-id=\"72d506f\" data-element_type=\"section\">\n\t\t\t\t\t\t<div class=\"elementor-container elementor-column-gap-default\">\n\t\t\t\t\t<div class=\"elementor-column elementor-col-100 elementor-top-column elementor-element elementor-element-29e989e\" data-id=\"29e989e\" data-element_type=\"column\">\n\t\t\t<div class=\"elementor-widget-wrap elementor-element-populated\">\n\t\t\t\t\t\t<div class=\"elementor-element elementor-element-de5ddb8 elementor-widget elementor-widget-spacer\" data-id=\"de5ddb8\" data-element_type=\"widget\" data-widget_type=\"spacer.default\">\n\t\t\t\t<div class=\"elementor-widget-container\">\n\t\t\t\t\t\t\t<div class=\"elementor-spacer\">\n\t\t\t<div class=\"elementor-spacer-inner\"><\/div>\n\t\t<\/div>\n\t\t\t\t\t\t<\/div>\n\t\t\t\t<\/div>\n\t\t\t\t\t<\/div>\n\t\t<\/div>\n\t\t\t\t\t<\/div>\n\t\t<\/section>\n\t\t\t\t<section class=\"elementor-section elementor-top-section elementor-element elementor-element-3a1e6c0 elementor-section-height-min-height elementor-reverse-mobile elementor-hidden-desktop elementor-hidden-tablet elementor-hidden-mobile elementor-section-boxed elementor-section-height-default elementor-section-items-middle\" data-id=\"3a1e6c0\" data-element_type=\"section\" data-settings=\"{&quot;background_background&quot;:&quot;classic&quot;,&quot;shape_divider_top&quot;:&quot;waves&quot;}\">\n\t\t\t\t\t<div class=\"elementor-shape elementor-shape-top\" aria-hidden=\"true\" data-negative=\"false\">\n\t\t\t<svg xmlns=\"http:\/\/www.w3.org\/2000\/svg\" viewbox=\"0 0 1000 100\" preserveaspectratio=\"none\">\n\t<path class=\"elementor-shape-fill\" d=\"M421.9,6.5c22.6-2.5,51.5,0.4,75.5,5.3c23.6,4.9,70.9,23.5,100.5,35.7c75.8,32.2,133.7,44.5,192.6,49.7\tc23.6,2.1,48.7,3.5,103.4-2.5c54.7-6,106.2-25.6,106.2-25.6V0H0v30.3c0,0,72,32.6,158.4,30.5c39.2-0.7,92.8-6.7,134-22.4\tc21.2-8.1,52.2-18.2,79.7-24.2C399.3,7.9,411.6,7.5,421.9,6.5z\"\/>\n<\/svg>\t\t<\/div>\n\t\t\t\t\t<div class=\"elementor-container elementor-column-gap-default\">\n\t\t\t\t\t<div class=\"elementor-column elementor-col-50 elementor-top-column elementor-element elementor-element-b03404d\" data-id=\"b03404d\" data-element_type=\"column\">\n\t\t\t<div class=\"elementor-widget-wrap elementor-element-populated\">\n\t\t\t\t\t\t<div class=\"elementor-element elementor-element-b9691a6 elementor-widget elementor-widget-spacer\" data-id=\"b9691a6\" data-element_type=\"widget\" data-widget_type=\"spacer.default\">\n\t\t\t\t<div class=\"elementor-widget-container\">\n\t\t\t\t\t\t\t<div class=\"elementor-spacer\">\n\t\t\t<div class=\"elementor-spacer-inner\"><\/div>\n\t\t<\/div>\n\t\t\t\t\t\t<\/div>\n\t\t\t\t<\/div>\n\t\t\t\t<div class=\"elementor-element elementor-element-31e4b87 elementor-widget elementor-widget-heading\" data-id=\"31e4b87\" data-element_type=\"widget\" data-widget_type=\"heading.default\">\n\t\t\t\t<div class=\"elementor-widget-container\">\n\t\t\t\t\t<h2 class=\"elementor-heading-title elementor-size-default\">SCULPTURES, PEINTURES ET SCULPTURE<\/h2>\t\t\t\t<\/div>\n\t\t\t\t<\/div>\n\t\t\t\t<div class=\"elementor-element elementor-element-d81b21f elementor-widget-divider--view-line elementor-widget elementor-widget-divider\" data-id=\"d81b21f\" data-element_type=\"widget\" data-widget_type=\"divider.default\">\n\t\t\t\t<div class=\"elementor-widget-container\">\n\t\t\t\t\t\t\t<div class=\"elementor-divider\">\n\t\t\t<span class=\"elementor-divider-separator\">\n\t\t\t\t\t\t<\/span>\n\t\t<\/div>\n\t\t\t\t\t\t<\/div>\n\t\t\t\t<\/div>\n\t\t\t\t<div class=\"elementor-element elementor-element-6dc1f3c elementor-widget elementor-widget-text-editor\" data-id=\"6dc1f3c\" data-element_type=\"widget\" data-widget_type=\"text-editor.default\">\n\t\t\t\t<div class=\"elementor-widget-container\">\n\t\t\t\t\t\t\t\t\t<p>Retable du ma\u00eetre-autel. Travaux command\u00e9s et r\u00e9alis\u00e9s par Luis de Baias \u00e0 partir de 1727. Le contrat pr\u00e9cise que le travail d&#039;imagerie serait confi\u00e9 \u00e0 M. Pedro Duque Cornejo. Dans la niche centrale se trouve une sculpture de la Vierge \u00e0 l&#039;Enfant, de la fin du XVIe si\u00e8cle et attribu\u00e9e \u00e0 Jer\u00f3nimo Hern\u00e1ndez.<\/p>\n<p>Cristo del Buen Fin : Sculpture en bois polychrome qui repr\u00e9sente le Christ mort, fix\u00e9 \u00e0 la croix avec trois clous. \u0152uvre attribu\u00e9e au sculpteur Pedro Mill\u00e1n, dat\u00e9e vers 1505\u00a0; Son style s&#039;inscrit dans le gothique flamand.<\/p>\n<p>Retable de l&#039;Immacul\u00e9e Conception : Cette \u0153uvre fut command\u00e9e par Juan Mart\u00ednez Monta\u00f1\u00e9s en 1606 et fut achev\u00e9e en 1609. Il se pr\u00e9sente comme un retable assez simple, dont la structure est r\u00e9partie en deux corps de trois rues chacun, et un banc. \u00c0 l&#039;origine, elle \u00e9tait pr\u00e9sid\u00e9e par l&#039;image de l&#039;Immacul\u00e9e Conception, m\u00eame si aujourd&#039;hui sa place est occup\u00e9e par l&#039;image de Saint Joseph, dont les caract\u00e9ristiques s&#039;accordent avec le style du XVIIIe si\u00e8cle. Sur les c\u00f4t\u00e9s de cette image apparaissent les reliefs de Saint-Barth\u00e9lemy et de Saint-Jacques. Au centre du deuxi\u00e8me corps, la toile de Sainte Catherine, r\u00e9cemment d\u00e9couverte lors de la restauration du retable. Il s&#039;agit d&#039;une magnifique \u0153uvre du peintre flamand Hernando de Sturm. Sur les c\u00f4t\u00e9s se trouvent deux panneaux repr\u00e9sentant San Pedro et San Diego de Alcal\u00e1, \u0153uvres attribu\u00e9es \u00e0 Francisco Pacheco.<\/p>\n<p>Immacul\u00e9e Conception (de Mart\u00ednez Monta\u00f1\u00e9s). Sculpture r\u00e9alis\u00e9e et destin\u00e9e \u00e0 occuper la niche centrale du retable pr\u00e9c\u00e9demment d\u00e9crit, elle se trouve actuellement dans le retable n\u00e9oclassique de la Chapelle Sacramentelle. La sculpture de l&#039;Immacul\u00e9e Conception est une belle image qui repr\u00e9sente la Vierge, presque une jeune fille. Il se tient sur la lune avec une t\u00eate d&#039;ange au centre. Le visage de la Vierge est inclin\u00e9 vers la droite et dirige son regard vers le sol. Le v\u00eatement et le manteau qui le recouvre, formant de larges plis, sont int\u00e9ressants.<\/p>\n<p>Retable de Santa Ana. En 1716, le Tiers Ordre du couvent de San Francisco de Cazalla de la Sierra engagea Lu\u00eds de Baias pour sculpter le retable.<br \/>Une fois d\u00e9sam\u00e9nag\u00e9, le couvent passa aux mains de particuliers, et abandonn\u00e9, ses retables et ses 10 images risquaient s\u00e9rieusement d&#039;\u00eatre d\u00e9truits. L&#039;archev\u00each\u00e9 de S\u00e9ville a autoris\u00e9 que le retable susmentionn\u00e9 soit transf\u00e9r\u00e9 \u00e0 la paroisse d&#039;El Pedroso avec d&#039;autres plus petits. Restaur\u00e9e \u00e0 S\u00e9ville, elle est actuellement pr\u00e9sid\u00e9e par une image de Sainte Anne. Remarque : Son identification a \u00e9t\u00e9 possible gr\u00e2ce \u00e0 la symbologie de l&#039;Ordre de Saint Fran\u00e7ois et \u00e0 un inventaire de la paroisse de 1890.<\/p>\n<p>\u00a0<\/p>\n<p>Retable de la chapelle sacramentelle. Au chevet de la chapelle se trouve un retable datant du d\u00e9but du XVIIIe si\u00e8cle, de style n\u00e9oclassique. Retable dor\u00e9 dont la structure est form\u00e9e de trois corps superpos\u00e9s et pr\u00e9sente comme \u00e9l\u00e9ment architectural des colonnes cannel\u00e9es d&#039;ordre corinthien. Le corps principal contient une sculpture de l&#039;Immacul\u00e9e Conception de Mart\u00ednez Monta\u00f1\u00e9s. Il se termine par un grenier o\u00f9 tr\u00f4ne une sculpture de Sainte Th\u00e9r\u00e8se, dat\u00e9e du XVIIIe si\u00e8cle.<\/p>\n\t\t\t\t\t\t\t\t<\/div>\n\t\t\t\t<\/div>\n\t\t\t\t\t<\/div>\n\t\t<\/div>\n\t\t\t\t<div class=\"elementor-column elementor-col-50 elementor-top-column elementor-element elementor-element-17e4009\" data-id=\"17e4009\" data-element_type=\"column\">\n\t\t\t<div class=\"elementor-widget-wrap elementor-element-populated\">\n\t\t\t\t\t\t<div class=\"elementor-element elementor-element-4fe12c6 elementor-widget elementor-widget-image\" data-id=\"4fe12c6\" data-element_type=\"widget\" data-settings=\"{&quot;motion_fx_motion_fx_scrolling&quot;:&quot;yes&quot;,&quot;motion_fx_translateX_effect&quot;:&quot;yes&quot;,&quot;motion_fx_translateX_speed&quot;:{&quot;unit&quot;:&quot;px&quot;,&quot;size&quot;:8,&quot;sizes&quot;:[]},&quot;motion_fx_translateX_affectedRange&quot;:{&quot;unit&quot;:&quot;%&quot;,&quot;size&quot;:&quot;&quot;,&quot;sizes&quot;:{&quot;start&quot;:0,&quot;end&quot;:50}},&quot;motion_fx_scale_effect&quot;:&quot;yes&quot;,&quot;motion_fx_scale_direction&quot;:&quot;in-out&quot;,&quot;motion_fx_scale_speed&quot;:{&quot;unit&quot;:&quot;px&quot;,&quot;size&quot;:-10,&quot;sizes&quot;:[]},&quot;motion_fx_scale_range&quot;:{&quot;unit&quot;:&quot;%&quot;,&quot;size&quot;:&quot;&quot;,&quot;sizes&quot;:{&quot;start&quot;:0,&quot;end&quot;:50}},&quot;motion_fx_devices&quot;:[&quot;desktop&quot;,&quot;tablet&quot;,&quot;mobile&quot;]}\" data-widget_type=\"image.default\">\n\t\t\t\t<div class=\"elementor-widget-container\">\n\t\t\t\t\t\t\t\t\t\t\t\t\t\t\t<img loading=\"lazy\" decoding=\"async\" width=\"155\" height=\"200\" src=\"https:\/\/turismoelpedroso.com\/wp-content\/uploads\/2022\/11\/img-arte-02.png\" class=\"attachment-full size-full wp-image-5668\" alt=\"\" \/>\t\t\t\t\t\t\t\t\t\t\t\t\t\t\t<\/div>\n\t\t\t\t<\/div>\n\t\t\t\t<div class=\"elementor-element elementor-element-1cc5904 elementor-widget elementor-widget-image\" data-id=\"1cc5904\" data-element_type=\"widget\" data-settings=\"{&quot;motion_fx_motion_fx_scrolling&quot;:&quot;yes&quot;,&quot;motion_fx_translateX_effect&quot;:&quot;yes&quot;,&quot;motion_fx_translateX_speed&quot;:{&quot;unit&quot;:&quot;px&quot;,&quot;size&quot;:8,&quot;sizes&quot;:[]},&quot;motion_fx_translateX_affectedRange&quot;:{&quot;unit&quot;:&quot;%&quot;,&quot;size&quot;:&quot;&quot;,&quot;sizes&quot;:{&quot;start&quot;:0,&quot;end&quot;:50}},&quot;motion_fx_scale_effect&quot;:&quot;yes&quot;,&quot;motion_fx_scale_direction&quot;:&quot;in-out&quot;,&quot;motion_fx_scale_speed&quot;:{&quot;unit&quot;:&quot;px&quot;,&quot;size&quot;:-10,&quot;sizes&quot;:[]},&quot;motion_fx_scale_range&quot;:{&quot;unit&quot;:&quot;%&quot;,&quot;size&quot;:&quot;&quot;,&quot;sizes&quot;:{&quot;start&quot;:0,&quot;end&quot;:50}},&quot;motion_fx_devices&quot;:[&quot;desktop&quot;,&quot;tablet&quot;,&quot;mobile&quot;]}\" data-widget_type=\"image.default\">\n\t\t\t\t<div class=\"elementor-widget-container\">\n\t\t\t\t\t\t\t\t\t\t\t\t\t\t\t<img loading=\"lazy\" decoding=\"async\" width=\"153\" height=\"203\" src=\"https:\/\/turismoelpedroso.com\/wp-content\/uploads\/2022\/11\/img-arte-03.png\" class=\"attachment-full size-full wp-image-5669\" alt=\"\" \/>\t\t\t\t\t\t\t\t\t\t\t\t\t\t\t<\/div>\n\t\t\t\t<\/div>\n\t\t\t\t<div class=\"elementor-element elementor-element-9a3af80 elementor-widget elementor-widget-image\" data-id=\"9a3af80\" data-element_type=\"widget\" data-settings=\"{&quot;motion_fx_motion_fx_scrolling&quot;:&quot;yes&quot;,&quot;motion_fx_translateX_effect&quot;:&quot;yes&quot;,&quot;motion_fx_translateX_speed&quot;:{&quot;unit&quot;:&quot;px&quot;,&quot;size&quot;:8,&quot;sizes&quot;:[]},&quot;motion_fx_translateX_affectedRange&quot;:{&quot;unit&quot;:&quot;%&quot;,&quot;size&quot;:&quot;&quot;,&quot;sizes&quot;:{&quot;start&quot;:0,&quot;end&quot;:50}},&quot;motion_fx_scale_effect&quot;:&quot;yes&quot;,&quot;motion_fx_scale_direction&quot;:&quot;in-out&quot;,&quot;motion_fx_scale_speed&quot;:{&quot;unit&quot;:&quot;px&quot;,&quot;size&quot;:-10,&quot;sizes&quot;:[]},&quot;motion_fx_scale_range&quot;:{&quot;unit&quot;:&quot;%&quot;,&quot;size&quot;:&quot;&quot;,&quot;sizes&quot;:{&quot;start&quot;:0,&quot;end&quot;:50}},&quot;motion_fx_devices&quot;:[&quot;desktop&quot;,&quot;tablet&quot;,&quot;mobile&quot;]}\" data-widget_type=\"image.default\">\n\t\t\t\t<div class=\"elementor-widget-container\">\n\t\t\t\t\t\t\t\t\t\t\t\t\t\t\t<img loading=\"lazy\" decoding=\"async\" width=\"157\" height=\"188\" src=\"https:\/\/turismoelpedroso.com\/wp-content\/uploads\/2022\/11\/img-arte-04.png\" class=\"attachment-full size-full wp-image-5670\" alt=\"\" \/>\t\t\t\t\t\t\t\t\t\t\t\t\t\t\t<\/div>\n\t\t\t\t<\/div>\n\t\t\t\t<div class=\"elementor-element elementor-element-a3358fb elementor-widget elementor-widget-image\" data-id=\"a3358fb\" data-element_type=\"widget\" data-settings=\"{&quot;motion_fx_motion_fx_scrolling&quot;:&quot;yes&quot;,&quot;motion_fx_translateX_effect&quot;:&quot;yes&quot;,&quot;motion_fx_translateX_speed&quot;:{&quot;unit&quot;:&quot;px&quot;,&quot;size&quot;:8,&quot;sizes&quot;:[]},&quot;motion_fx_translateX_affectedRange&quot;:{&quot;unit&quot;:&quot;%&quot;,&quot;size&quot;:&quot;&quot;,&quot;sizes&quot;:{&quot;start&quot;:0,&quot;end&quot;:50}},&quot;motion_fx_scale_effect&quot;:&quot;yes&quot;,&quot;motion_fx_scale_direction&quot;:&quot;in-out&quot;,&quot;motion_fx_scale_speed&quot;:{&quot;unit&quot;:&quot;px&quot;,&quot;size&quot;:-10,&quot;sizes&quot;:[]},&quot;motion_fx_scale_range&quot;:{&quot;unit&quot;:&quot;%&quot;,&quot;size&quot;:&quot;&quot;,&quot;sizes&quot;:{&quot;start&quot;:0,&quot;end&quot;:50}},&quot;motion_fx_devices&quot;:[&quot;desktop&quot;,&quot;tablet&quot;,&quot;mobile&quot;]}\" data-widget_type=\"image.default\">\n\t\t\t\t<div class=\"elementor-widget-container\">\n\t\t\t\t\t\t\t\t\t\t\t\t\t\t\t<img loading=\"lazy\" decoding=\"async\" width=\"159\" height=\"185\" src=\"https:\/\/turismoelpedroso.com\/wp-content\/uploads\/2022\/11\/img-arte-05.png\" class=\"attachment-full size-full wp-image-5671\" alt=\"\" \/>\t\t\t\t\t\t\t\t\t\t\t\t\t\t\t<\/div>\n\t\t\t\t<\/div>\n\t\t\t\t\t<\/div>\n\t\t<\/div>\n\t\t\t\t\t<\/div>\n\t\t<\/section>\n\t\t\t\t<section class=\"elementor-section elementor-top-section elementor-element elementor-element-2540d44 elementor-section-height-min-height elementor-hidden-desktop elementor-hidden-tablet elementor-hidden-mobile elementor-section-boxed elementor-section-height-default elementor-section-items-middle\" data-id=\"2540d44\" data-element_type=\"section\" data-settings=\"{&quot;background_background&quot;:&quot;classic&quot;}\">\n\t\t\t\t\t\t<div class=\"elementor-container elementor-column-gap-default\">\n\t\t\t\t\t<div class=\"elementor-column elementor-col-50 elementor-top-column elementor-element elementor-element-2387020\" data-id=\"2387020\" data-element_type=\"column\">\n\t\t\t<div class=\"elementor-widget-wrap elementor-element-populated\">\n\t\t\t\t\t\t<div class=\"elementor-element elementor-element-f93f01f elementor-widget__width-initial elementor-widget elementor-widget-image\" data-id=\"f93f01f\" data-element_type=\"widget\" data-settings=\"{&quot;motion_fx_motion_fx_scrolling&quot;:&quot;yes&quot;,&quot;motion_fx_translateX_effect&quot;:&quot;yes&quot;,&quot;motion_fx_translateX_direction&quot;:&quot;negative&quot;,&quot;motion_fx_translateX_speed&quot;:{&quot;unit&quot;:&quot;px&quot;,&quot;size&quot;:8,&quot;sizes&quot;:[]},&quot;motion_fx_translateX_affectedRange&quot;:{&quot;unit&quot;:&quot;%&quot;,&quot;size&quot;:&quot;&quot;,&quot;sizes&quot;:{&quot;start&quot;:0,&quot;end&quot;:50}},&quot;motion_fx_scale_effect&quot;:&quot;yes&quot;,&quot;motion_fx_scale_direction&quot;:&quot;in-out&quot;,&quot;motion_fx_scale_speed&quot;:{&quot;unit&quot;:&quot;px&quot;,&quot;size&quot;:-10,&quot;sizes&quot;:[]},&quot;motion_fx_scale_range&quot;:{&quot;unit&quot;:&quot;%&quot;,&quot;size&quot;:&quot;&quot;,&quot;sizes&quot;:{&quot;start&quot;:0,&quot;end&quot;:50}},&quot;motion_fx_devices&quot;:[&quot;desktop&quot;,&quot;tablet&quot;,&quot;mobile&quot;]}\" data-widget_type=\"image.default\">\n\t\t\t\t<div class=\"elementor-widget-container\">\n\t\t\t\t\t\t\t\t\t\t\t\t\t\t\t<img loading=\"lazy\" decoding=\"async\" width=\"154\" height=\"205\" src=\"https:\/\/turismoelpedroso.com\/wp-content\/uploads\/2022\/11\/img-arteb-02.png\" class=\"attachment-full size-full wp-image-5673\" alt=\"\" \/>\t\t\t\t\t\t\t\t\t\t\t\t\t\t\t<\/div>\n\t\t\t\t<\/div>\n\t\t\t\t<div class=\"elementor-element elementor-element-8a5832d elementor-widget__width-initial elementor-widget elementor-widget-image\" data-id=\"8a5832d\" data-element_type=\"widget\" data-settings=\"{&quot;motion_fx_motion_fx_scrolling&quot;:&quot;yes&quot;,&quot;motion_fx_translateX_effect&quot;:&quot;yes&quot;,&quot;motion_fx_translateX_direction&quot;:&quot;negative&quot;,&quot;motion_fx_translateX_speed&quot;:{&quot;unit&quot;:&quot;px&quot;,&quot;size&quot;:8,&quot;sizes&quot;:[]},&quot;motion_fx_translateX_affectedRange&quot;:{&quot;unit&quot;:&quot;%&quot;,&quot;size&quot;:&quot;&quot;,&quot;sizes&quot;:{&quot;start&quot;:0,&quot;end&quot;:50}},&quot;motion_fx_scale_effect&quot;:&quot;yes&quot;,&quot;motion_fx_scale_direction&quot;:&quot;in-out&quot;,&quot;motion_fx_scale_speed&quot;:{&quot;unit&quot;:&quot;px&quot;,&quot;size&quot;:-10,&quot;sizes&quot;:[]},&quot;motion_fx_scale_range&quot;:{&quot;unit&quot;:&quot;%&quot;,&quot;size&quot;:&quot;&quot;,&quot;sizes&quot;:{&quot;start&quot;:0,&quot;end&quot;:50}},&quot;motion_fx_devices&quot;:[&quot;desktop&quot;,&quot;tablet&quot;,&quot;mobile&quot;]}\" data-widget_type=\"image.default\">\n\t\t\t\t<div class=\"elementor-widget-container\">\n\t\t\t\t\t\t\t\t\t\t\t\t\t\t\t<img loading=\"lazy\" decoding=\"async\" width=\"135\" height=\"207\" src=\"https:\/\/turismoelpedroso.com\/wp-content\/uploads\/2022\/11\/img-arteb-03.png\" class=\"attachment-full size-full wp-image-5674\" alt=\"\" \/>\t\t\t\t\t\t\t\t\t\t\t\t\t\t\t<\/div>\n\t\t\t\t<\/div>\n\t\t\t\t\t<\/div>\n\t\t<\/div>\n\t\t\t\t<div class=\"elementor-column elementor-col-50 elementor-top-column elementor-element elementor-element-d28db41\" data-id=\"d28db41\" data-element_type=\"column\">\n\t\t\t<div class=\"elementor-widget-wrap elementor-element-populated\">\n\t\t\t\t\t\t<div class=\"elementor-element elementor-element-0ac4184 elementor-widget elementor-widget-spacer\" data-id=\"0ac4184\" data-element_type=\"widget\" data-widget_type=\"spacer.default\">\n\t\t\t\t<div class=\"elementor-widget-container\">\n\t\t\t\t\t\t\t<div class=\"elementor-spacer\">\n\t\t\t<div class=\"elementor-spacer-inner\"><\/div>\n\t\t<\/div>\n\t\t\t\t\t\t<\/div>\n\t\t\t\t<\/div>\n\t\t\t\t<div class=\"elementor-element elementor-element-9fadfc8 elementor-widget elementor-widget-heading\" data-id=\"9fadfc8\" data-element_type=\"widget\" data-widget_type=\"heading.default\">\n\t\t\t\t<div class=\"elementor-widget-container\">\n\t\t\t\t\t<h2 class=\"elementor-heading-title elementor-size-default\">RETABLE DE LA CARTUJA<\/h2>\t\t\t\t<\/div>\n\t\t\t\t<\/div>\n\t\t\t\t<div class=\"elementor-element elementor-element-e43a112 elementor-widget-divider--view-line elementor-widget elementor-widget-divider\" data-id=\"e43a112\" data-element_type=\"widget\" data-widget_type=\"divider.default\">\n\t\t\t\t<div class=\"elementor-widget-container\">\n\t\t\t\t\t\t\t<div class=\"elementor-divider\">\n\t\t\t<span class=\"elementor-divider-separator\">\n\t\t\t\t\t\t<\/span>\n\t\t<\/div>\n\t\t\t\t\t\t<\/div>\n\t\t\t\t<\/div>\n\t\t\t\t<div class=\"elementor-element elementor-element-ec7f42f elementor-widget elementor-widget-text-editor\" data-id=\"ec7f42f\" data-element_type=\"widget\" data-widget_type=\"text-editor.default\">\n\t\t\t\t<div class=\"elementor-widget-container\">\n\t\t\t\t\t\t\t\t\t<p>Le retable compos\u00e9 d&#039;un corps principal et d&#039;un grenier, date du XVIIIe si\u00e8cle et pr\u00e9sente une grande originalit\u00e9 de sculpture et une audace dans ses formes, avec une finition en bois apparent. L&#039;identit\u00e9 de l&#039;auteur est inconnue, mais la gouge de la sculpture montre la main d&#039;un grand ma\u00eetre.<\/p>\n<p>Dans le corps principal se trouve une vitrine n\u00e9oclassique en bois de palissandre qui contient \u00e0 l&#039;int\u00e9rieur une sculpture de la Vierge du Rosaire avec l&#039;enfant, datant du XVIIe si\u00e8cle et r\u00e9alis\u00e9e en bois polychrome, elle semble provenir de la Cartuja de Sta Mar\u00eda de las Cuevas de S\u00e9ville.<\/p>\n<p>Dans le grenier se trouve un buste de La Dolorosa appartenant \u00e0 l&#039;\u00e9cole de Grenade du XVIIe si\u00e8cle.<\/p>\n\t\t\t\t\t\t\t\t<\/div>\n\t\t\t\t<\/div>\n\t\t\t\t\t<\/div>\n\t\t<\/div>\n\t\t\t\t\t<\/div>\n\t\t<\/section>\n\t\t\t\t<section class=\"elementor-section elementor-top-section elementor-element elementor-element-756888f elementor-section-height-min-height elementor-reverse-mobile elementor-hidden-desktop elementor-hidden-tablet elementor-hidden-mobile elementor-section-boxed elementor-section-height-default elementor-section-items-middle\" data-id=\"756888f\" data-element_type=\"section\" data-settings=\"{&quot;background_background&quot;:&quot;classic&quot;}\">\n\t\t\t\t\t\t<div class=\"elementor-container elementor-column-gap-default\">\n\t\t\t\t\t<div class=\"elementor-column elementor-col-50 elementor-top-column elementor-element elementor-element-639d3be\" data-id=\"639d3be\" data-element_type=\"column\">\n\t\t\t<div class=\"elementor-widget-wrap elementor-element-populated\">\n\t\t\t\t\t\t<div class=\"elementor-element elementor-element-84bcbf2 elementor-widget elementor-widget-spacer\" data-id=\"84bcbf2\" data-element_type=\"widget\" data-widget_type=\"spacer.default\">\n\t\t\t\t<div class=\"elementor-widget-container\">\n\t\t\t\t\t\t\t<div class=\"elementor-spacer\">\n\t\t\t<div class=\"elementor-spacer-inner\"><\/div>\n\t\t<\/div>\n\t\t\t\t\t\t<\/div>\n\t\t\t\t<\/div>\n\t\t\t\t<div class=\"elementor-element elementor-element-03483bc elementor-widget elementor-widget-heading\" data-id=\"03483bc\" data-element_type=\"widget\" data-widget_type=\"heading.default\">\n\t\t\t\t<div class=\"elementor-widget-container\">\n\t\t\t\t\t<h2 class=\"elementor-heading-title elementor-size-default\">RETABLE DE LA VIERGE DU ROSAIRE <\/h2>\t\t\t\t<\/div>\n\t\t\t\t<\/div>\n\t\t\t\t<div class=\"elementor-element elementor-element-cc3cc04 elementor-widget-divider--view-line elementor-widget elementor-widget-divider\" data-id=\"cc3cc04\" data-element_type=\"widget\" data-widget_type=\"divider.default\">\n\t\t\t\t<div class=\"elementor-widget-container\">\n\t\t\t\t\t\t\t<div class=\"elementor-divider\">\n\t\t\t<span class=\"elementor-divider-separator\">\n\t\t\t\t\t\t<\/span>\n\t\t<\/div>\n\t\t\t\t\t\t<\/div>\n\t\t\t\t<\/div>\n\t\t\t\t<div class=\"elementor-element elementor-element-99a50e3 elementor-widget elementor-widget-text-editor\" data-id=\"99a50e3\" data-element_type=\"widget\" data-widget_type=\"text-editor.default\">\n\t\t\t\t<div class=\"elementor-widget-container\">\n\t\t\t\t\t\t\t\t\t<p>Il est situ\u00e9 dans la chapelle \u00e0 c\u00f4t\u00e9 de la t\u00eate du temple sur le mur de l&#039;\u00c9vangile ; Le retable appartient au premier tiers du XVIIe si\u00e8cle, comme l&#039;indique une inscription qui appara\u00eet sur son banc, qui indique que le retable a \u00e9t\u00e9 \u00e9tabli sp\u00e9cifiquement en 1630.<\/p>\n<p>La structure du retable est constitu\u00e9e d&#039;un banc, d&#039;un corps \u00e0 trois rues et d&#039;un attique, les trois rues du corps principal du retable sont encadr\u00e9es par des colonnes cannel\u00e9es d&#039;ordre corinthien.<\/p>\n<p>La rue centrale est occup\u00e9e par une niche semi-circulaire, qui contient l&#039;image en chandelier de la propri\u00e9taire de la chapelle, la Vierge du Rosaire, dat\u00e9e du XVIIIe si\u00e8cle. Cette rue est surmont\u00e9e d&#039;un fronton fendu, en plein cintre et subdivis\u00e9 en trois<br \/>parties par deux volutes.<\/p>\n<p>Les deux autres rues du corps principal du retable sont droites et contiennent des reliefs, dans la rue de gauche il y a un relief de Saint Jean-Baptiste et la rue de droite est occup\u00e9e par le relief de Saint Paul.<\/p>\n\t\t\t\t\t\t\t\t<\/div>\n\t\t\t\t<\/div>\n\t\t\t\t\t<\/div>\n\t\t<\/div>\n\t\t\t\t<div class=\"elementor-column elementor-col-50 elementor-top-column elementor-element elementor-element-75d6b5d\" data-id=\"75d6b5d\" data-element_type=\"column\">\n\t\t\t<div class=\"elementor-widget-wrap elementor-element-populated\">\n\t\t\t\t\t\t<div class=\"elementor-element elementor-element-b21f6eb elementor-widget elementor-widget-image\" data-id=\"b21f6eb\" data-element_type=\"widget\" data-settings=\"{&quot;motion_fx_motion_fx_scrolling&quot;:&quot;yes&quot;,&quot;motion_fx_translateX_effect&quot;:&quot;yes&quot;,&quot;motion_fx_translateX_speed&quot;:{&quot;unit&quot;:&quot;px&quot;,&quot;size&quot;:8,&quot;sizes&quot;:[]},&quot;motion_fx_translateX_affectedRange&quot;:{&quot;unit&quot;:&quot;%&quot;,&quot;size&quot;:&quot;&quot;,&quot;sizes&quot;:{&quot;start&quot;:0,&quot;end&quot;:50}},&quot;motion_fx_scale_effect&quot;:&quot;yes&quot;,&quot;motion_fx_scale_direction&quot;:&quot;in-out&quot;,&quot;motion_fx_scale_speed&quot;:{&quot;unit&quot;:&quot;px&quot;,&quot;size&quot;:-10,&quot;sizes&quot;:[]},&quot;motion_fx_scale_range&quot;:{&quot;unit&quot;:&quot;%&quot;,&quot;size&quot;:&quot;&quot;,&quot;sizes&quot;:{&quot;start&quot;:0,&quot;end&quot;:50}},&quot;motion_fx_devices&quot;:[&quot;desktop&quot;,&quot;tablet&quot;,&quot;mobile&quot;]}\" data-widget_type=\"image.default\">\n\t\t\t\t<div class=\"elementor-widget-container\">\n\t\t\t\t\t\t\t\t\t\t\t\t\t\t\t<img loading=\"lazy\" decoding=\"async\" width=\"182\" height=\"237\" src=\"https:\/\/turismoelpedroso.com\/wp-content\/uploads\/2022\/11\/img-arte-c-03.png\" class=\"attachment-full size-full wp-image-5676\" alt=\"\" \/>\t\t\t\t\t\t\t\t\t\t\t\t\t\t\t<\/div>\n\t\t\t\t<\/div>\n\t\t\t\t<div class=\"elementor-element elementor-element-27f291c elementor-widget elementor-widget-image\" data-id=\"27f291c\" data-element_type=\"widget\" data-settings=\"{&quot;motion_fx_motion_fx_scrolling&quot;:&quot;yes&quot;,&quot;motion_fx_translateX_effect&quot;:&quot;yes&quot;,&quot;motion_fx_translateX_speed&quot;:{&quot;unit&quot;:&quot;px&quot;,&quot;size&quot;:8,&quot;sizes&quot;:[]},&quot;motion_fx_translateX_affectedRange&quot;:{&quot;unit&quot;:&quot;%&quot;,&quot;size&quot;:&quot;&quot;,&quot;sizes&quot;:{&quot;start&quot;:0,&quot;end&quot;:50}},&quot;motion_fx_scale_effect&quot;:&quot;yes&quot;,&quot;motion_fx_scale_direction&quot;:&quot;in-out&quot;,&quot;motion_fx_scale_speed&quot;:{&quot;unit&quot;:&quot;px&quot;,&quot;size&quot;:-10,&quot;sizes&quot;:[]},&quot;motion_fx_scale_range&quot;:{&quot;unit&quot;:&quot;%&quot;,&quot;size&quot;:&quot;&quot;,&quot;sizes&quot;:{&quot;start&quot;:0,&quot;end&quot;:50}},&quot;motion_fx_devices&quot;:[&quot;desktop&quot;,&quot;tablet&quot;,&quot;mobile&quot;]}\" data-widget_type=\"image.default\">\n\t\t\t\t<div class=\"elementor-widget-container\">\n\t\t\t\t\t\t\t\t\t\t\t\t\t\t\t<img loading=\"lazy\" decoding=\"async\" width=\"203\" height=\"234\" src=\"https:\/\/turismoelpedroso.com\/wp-content\/uploads\/2022\/11\/img-arte-c-02.png\" class=\"attachment-full size-full wp-image-5675\" alt=\"\" \/>\t\t\t\t\t\t\t\t\t\t\t\t\t\t\t<\/div>\n\t\t\t\t<\/div>\n\t\t\t\t\t<\/div>\n\t\t<\/div>\n\t\t\t\t\t<\/div>\n\t\t<\/section>\n\t\t\t\t<section class=\"elementor-section elementor-top-section elementor-element elementor-element-72241f9 elementor-section-height-min-height elementor-hidden-desktop elementor-hidden-tablet elementor-hidden-mobile elementor-section-boxed elementor-section-height-default elementor-section-items-middle\" data-id=\"72241f9\" data-element_type=\"section\" data-settings=\"{&quot;background_background&quot;:&quot;classic&quot;}\">\n\t\t\t\t\t\t<div class=\"elementor-container elementor-column-gap-default\">\n\t\t\t\t\t<div class=\"elementor-column elementor-col-50 elementor-top-column elementor-element elementor-element-6df0991\" data-id=\"6df0991\" data-element_type=\"column\">\n\t\t\t<div class=\"elementor-widget-wrap elementor-element-populated\">\n\t\t\t\t\t\t<div class=\"elementor-element elementor-element-91514e6 elementor-widget__width-initial elementor-widget elementor-widget-image\" data-id=\"91514e6\" data-element_type=\"widget\" data-settings=\"{&quot;motion_fx_motion_fx_scrolling&quot;:&quot;yes&quot;,&quot;motion_fx_translateX_effect&quot;:&quot;yes&quot;,&quot;motion_fx_translateX_direction&quot;:&quot;negative&quot;,&quot;motion_fx_translateX_speed&quot;:{&quot;unit&quot;:&quot;px&quot;,&quot;size&quot;:8,&quot;sizes&quot;:[]},&quot;motion_fx_translateX_affectedRange&quot;:{&quot;unit&quot;:&quot;%&quot;,&quot;size&quot;:&quot;&quot;,&quot;sizes&quot;:{&quot;start&quot;:0,&quot;end&quot;:50}},&quot;motion_fx_scale_effect&quot;:&quot;yes&quot;,&quot;motion_fx_scale_direction&quot;:&quot;in-out&quot;,&quot;motion_fx_scale_speed&quot;:{&quot;unit&quot;:&quot;px&quot;,&quot;size&quot;:-10,&quot;sizes&quot;:[]},&quot;motion_fx_scale_range&quot;:{&quot;unit&quot;:&quot;%&quot;,&quot;size&quot;:&quot;&quot;,&quot;sizes&quot;:{&quot;start&quot;:0,&quot;end&quot;:50}},&quot;motion_fx_devices&quot;:[&quot;desktop&quot;,&quot;tablet&quot;,&quot;mobile&quot;]}\" data-widget_type=\"image.default\">\n\t\t\t\t<div class=\"elementor-widget-container\">\n\t\t\t\t\t\t\t\t\t\t\t\t\t\t\t<img loading=\"lazy\" decoding=\"async\" width=\"239\" height=\"338\" src=\"https:\/\/turismoelpedroso.com\/wp-content\/uploads\/2022\/11\/img-c-02.png\" class=\"attachment-full size-full wp-image-5680\" alt=\"\" srcset=\"https:\/\/turismoelpedroso.com\/wp-content\/uploads\/2022\/11\/img-c-02.png 239w, https:\/\/turismoelpedroso.com\/wp-content\/uploads\/2022\/11\/img-c-02-212x300.png 212w\" sizes=\"(max-width: 239px) 100vw, 239px\" \/>\t\t\t\t\t\t\t\t\t\t\t\t\t\t\t<\/div>\n\t\t\t\t<\/div>\n\t\t\t\t\t<\/div>\n\t\t<\/div>\n\t\t\t\t<div class=\"elementor-column elementor-col-50 elementor-top-column elementor-element elementor-element-6dbfa86\" data-id=\"6dbfa86\" data-element_type=\"column\">\n\t\t\t<div class=\"elementor-widget-wrap elementor-element-populated\">\n\t\t\t\t\t\t<div class=\"elementor-element elementor-element-4090f97 elementor-widget elementor-widget-spacer\" data-id=\"4090f97\" data-element_type=\"widget\" data-widget_type=\"spacer.default\">\n\t\t\t\t<div class=\"elementor-widget-container\">\n\t\t\t\t\t\t\t<div class=\"elementor-spacer\">\n\t\t\t<div class=\"elementor-spacer-inner\"><\/div>\n\t\t<\/div>\n\t\t\t\t\t\t<\/div>\n\t\t\t\t<\/div>\n\t\t\t\t<div class=\"elementor-element elementor-element-beee172 elementor-widget elementor-widget-heading\" data-id=\"beee172\" data-element_type=\"widget\" data-widget_type=\"heading.default\">\n\t\t\t\t<div class=\"elementor-widget-container\">\n\t\t\t\t\t<h2 class=\"elementor-heading-title elementor-size-default\">LE RETABLE DE SANTA CATHERINE<\/h2>\t\t\t\t<\/div>\n\t\t\t\t<\/div>\n\t\t\t\t<div class=\"elementor-element elementor-element-f5d5463 elementor-widget-divider--view-line elementor-widget elementor-widget-divider\" data-id=\"f5d5463\" data-element_type=\"widget\" data-widget_type=\"divider.default\">\n\t\t\t\t<div class=\"elementor-widget-container\">\n\t\t\t\t\t\t\t<div class=\"elementor-divider\">\n\t\t\t<span class=\"elementor-divider-separator\">\n\t\t\t\t\t\t<\/span>\n\t\t<\/div>\n\t\t\t\t\t\t<\/div>\n\t\t\t\t<\/div>\n\t\t\t\t<div class=\"elementor-element elementor-element-093fb1e elementor-widget elementor-widget-text-editor\" data-id=\"093fb1e\" data-element_type=\"widget\" data-widget_type=\"text-editor.default\">\n\t\t\t\t<div class=\"elementor-widget-container\">\n\t\t\t\t\t\t\t\t\t<p>\u00c0 l&#039;approche de la Semaine Sainte de 2001, lorsque le retable de Juan Mart\u00ednez Monta\u00f1\u00e9s fut d\u00e9mont\u00e9 pour \u00eatre restaur\u00e9 \u00e0 S\u00e9ville, ses auteurs furent agr\u00e9ablement surpris lorsqu&#039;ils constat\u00e8rent que, derri\u00e8re le tableau de la Vierge de Guadalupe, il y en avait un autre, qui s&#039;est av\u00e9r\u00e9 \u00eatre Saint Catherine d&#039;Alexandrie.<\/p>\n<p>Une fois restaur\u00e9e, la peinture du Saint a \u00e9t\u00e9 class\u00e9e parmi les meilleures \u0153uvres d&#039;Hernando de Sturmio, peintre flamand tr\u00e8s prestigieux \u00e0 S\u00e9ville dans les premier et deuxi\u00e8me quarts du XVIe si\u00e8cle.<\/p>\n<p>Les nombreuses consultations effectu\u00e9es dans le fonds historique des Archives Paroissiales d&#039;El Pedroso nous avaient alert\u00e9 sur l&#039;existence possible (dans ladite paroisse) d&#039;une image de Sainte Catherine, \u00e9tant donn\u00e9 que, dans les livres de bapt\u00eame du XVIe si\u00e8cle, un nombre important Dans les actes de bapt\u00eame des filles, elles apparaissent christianis\u00e9es avec le nom de Catalina, et il est courant que les m\u00e8res et les marraines soient \u00e9galement appel\u00e9es Catalina.Au XVIe si\u00e8cle, Sainte Catalina \u00e9tait-elle la patronne du lieu d&#039;El Pedroso ? Les habitants de Pedro \u00e9taient-ils tr\u00e8s d\u00e9vou\u00e9s au Saint ? .<br \/>Nous avons persist\u00e9 dans nos requ\u00eates dans le dossier r\u00e9f\u00e9renc\u00e9 et avons d\u00e9couvert cela dans le dossier intitul\u00e9 : Livre des Possessions de l&#039;\u00c9glise Paroissiale. Inventaires = 1547-1611, au folio no. 34 contient ce qui suit : \u00ab Les bijoux et ornements que poss\u00e8de la manufacture sont ceux-ci \u2013 Inventaire \u2013 douze jours de f\u00e9vrier mil cinq cent soixante-douze ans \u2013 Situ\u00e9 \u00e0 gauche du ma\u00eetre-autel, c\u2019est une \u0153uvre r\u00e9alis\u00e9e dans le XVIe si\u00e8cle, en marbre blanc, avec des t\u00eates d&#039;anges sur chacune de ses fa\u00e7ades.<\/p>\n<p>1\u00ba Bien qu&#039;elle n&#039;ait pas encore \u00e9t\u00e9 \u00e9tudi\u00e9e, cette image en chandelier est un bel exemple de l&#039;imagerie andalouse du XVIIIe si\u00e8cle.<br \/>2\u00e8me Toile du XIX\u00e8me si\u00e8cle, repr\u00e9sentant la Vierge \u00e0 la Serviette, copie de l&#039;\u0153uvre que Murillo a r\u00e9alis\u00e9e du m\u00eame nom.<\/p>\n<p>18 Images et retables : ytem un autre retable de l&#039;image de sanctacatherina questa Sur son autel particulier il est fait de bon pinzel.<\/p>\n\t\t\t\t\t\t\t\t<\/div>\n\t\t\t\t<\/div>\n\t\t\t\t<div class=\"elementor-element elementor-element-19944a2 elementor-widget elementor-widget-spacer\" data-id=\"19944a2\" data-element_type=\"widget\" data-widget_type=\"spacer.default\">\n\t\t\t\t<div class=\"elementor-widget-container\">\n\t\t\t\t\t\t\t<div class=\"elementor-spacer\">\n\t\t\t<div class=\"elementor-spacer-inner\"><\/div>\n\t\t<\/div>\n\t\t\t\t\t\t<\/div>\n\t\t\t\t<\/div>\n\t\t\t\t\t<\/div>\n\t\t<\/div>\n\t\t\t\t\t<\/div>\n\t\t<\/section>\n\t\t\t\t<\/div>","protected":false},"excerpt":{"rendered":"<p>Apprenez \u00e0 conna\u00eetre El Pedroso El Pedroso est un endroit fantastique pour vous connecter avec votre meilleure version. D\u00e9couvrez une ville pleine d&#039;histoire, de culture, de nature et beaucoup de chaleur pour vivre un voyage unique dans le parc naturel de la Sierra Norte. Nous vous ouvrons ses portes pour que vous puissiez passer un moment de restauration dans sa Sierra, profiter [\u2026]<\/p>","protected":false},"author":1,"featured_media":0,"parent":0,"menu_order":0,"comment_status":"closed","ping_status":"closed","template":"elementor_header_footer","meta":{"footnotes":""},"class_list":["post-6256","page","type-page","status-publish","hentry"],"_links":{"self":[{"href":"https:\/\/turismoelpedroso.com\/fr\/wp-json\/wp\/v2\/pages\/6256","targetHints":{"allow":["GET"]}}],"collection":[{"href":"https:\/\/turismoelpedroso.com\/fr\/wp-json\/wp\/v2\/pages"}],"about":[{"href":"https:\/\/turismoelpedroso.com\/fr\/wp-json\/wp\/v2\/types\/page"}],"author":[{"embeddable":true,"href":"https:\/\/turismoelpedroso.com\/fr\/wp-json\/wp\/v2\/users\/1"}],"replies":[{"embeddable":true,"href":"https:\/\/turismoelpedroso.com\/fr\/wp-json\/wp\/v2\/comments?post=6256"}],"version-history":[{"count":5,"href":"https:\/\/turismoelpedroso.com\/fr\/wp-json\/wp\/v2\/pages\/6256\/revisions"}],"predecessor-version":[{"id":8646,"href":"https:\/\/turismoelpedroso.com\/fr\/wp-json\/wp\/v2\/pages\/6256\/revisions\/8646"}],"wp:attachment":[{"href":"https:\/\/turismoelpedroso.com\/fr\/wp-json\/wp\/v2\/media?parent=6256"}],"curies":[{"name":"wp","href":"https:\/\/api.w.org\/{rel}","templated":true}]}}